{"id":1895,"date":"2017-07-31T08:47:22","date_gmt":"2017-07-31T07:47:22","guid":{"rendered":"http:\/\/www.art-en-jeu.ch\/home_wp\/?page_id=1895"},"modified":"2026-04-12T12:51:45","modified_gmt":"2026-04-12T11:51:45","slug":"agenda-international","status":"publish","type":"page","link":"https:\/\/www.art-en-jeu.ch\/home_wp\/agenda-international\/","title":{"rendered":"Agenda international"},"content":{"rendered":"<p>Agenda international, s\u00e9lection, utilisez les liens pour v\u00e9rifier le programme et les heures d&rsquo;ouverture.<\/p>\n<hr \/>\n<h2 style=\"font-weight: 500;\">ALLEMAGNE<\/h2>\n<h2 style=\"font-weight: 500;\">Berlin<\/h2>\n<p style=\"font-weight: 500;\"><a href=\"http:\/\/www.berlinbiennale.de\">Biennale de Berlin<\/a><\/p>\n<p style=\"font-weight: 500;\">Akademie der K\u00fcnste<\/p>\n<p style=\"font-weight: 500;\"><a href=\"http:\/\/www.smb.spk-berlin.de\/\">Staatliche Museen zu Berlin<\/a><\/p>\n<p style=\"font-weight: 500;\">Gem\u00e4ldegalerie<\/p>\n<p style=\"font-weight: 500;\">Neue Nationalgalerie<\/p>\n<p style=\"font-weight: 500;\">Alte Nationalgalerie<\/p>\n<p style=\"font-weight: 500;\">Hamburger Bahnhof, Museum f\u00fcr Gegenwart &#8211; Berlin<\/p>\n<p style=\"font-weight: 500;\"><a href=\"http:\/\/www.berlinerfestspiele.de\/\">Martin-Gropius Bau<\/a><\/p>\n<h2 style=\"font-weight: 500;\">Bielefeld<\/h2>\n<p style=\"font-weight: 500;\"><a href=\"http:\/\/www.kunsthalle-bielefeld.de\/\">Kunsthalle<\/a><\/p>\n<p style=\"font-weight: 500;\"><a href=\"http:\/\/www.bielefelder-kunstverein.de\/\">Kunstverein<\/a><\/p>\n<h2 style=\"font-weight: 500;\">Bonn<\/h2>\n<p style=\"font-weight: 500;\">Kunst- und Ausstellungshalle der Bundesrepublik Deutschland<\/p>\n<p style=\"font-weight: 500;\"><a href=\"http:\/\/www.bundeskunsthalle.de\/\">www.bundeskunsthalle.de<\/a><\/p>\n<h2 style=\"font-weight: 500;\">Cologne<\/h2>\n<p style=\"font-weight: 500;\">Museum Ludwig<\/p>\n<p style=\"font-weight: 500;\">Wallraf &#8211; Richartz Museum<\/p>\n<p style=\"font-weight: 500;\"><a href=\"http:\/\/www.museenkoeln.de\/\">http:\/\/www.museenkoeln.de<\/a><\/p>\n<h2 style=\"font-weight: 500;\">Darmstadt<\/h2>\n<p style=\"font-weight: 500;\"><a href=\"http:\/\/www.mathildenhoehe.info\/\">Mathildenhoehe Darmstadt<\/a><\/p>\n<h2 style=\"font-weight: 500;\">Dortmund<\/h2>\n<p style=\"font-weight: 500;\"><a href=\"https:\/\/dortmunder-u.de\/museum-ostwall\/\">Museum \u00a0Ostwall im Dortmund U<\/a><\/p>\n<p style=\"font-weight: 500;\"><a href=\"http:\/\/www.hmkv.de\/\">Hartware MedienKunstVerein<\/a><\/p>\n<h2 style=\"font-weight: 500;\">Dresden<\/h2>\n<p style=\"font-weight: 500;\"><a href=\"http:\/\/www.skd.museum\/\">Staatliche Kunstsammlungen<\/a> Dresden<\/p>\n<p style=\"font-weight: 500;\">Residenzschloss<\/p>\n<p style=\"font-weight: 500;\">Albertinum Galerie Neue Meister Kunst von der Romantik bis zur Gegenwart<\/p>\n<p style=\"font-weight: 500;\">Gem\u00e4ldegalerie Alte Meister<\/p>\n<p style=\"font-weight: 500;\"><a href=\"http:\/\/www.kunst-haus-dresden.de\/\">Kunst-Haus<\/a><\/p>\n<h2 style=\"font-weight: 500;\">D\u00fcsseldorf<\/h2>\n<p style=\"font-weight: 500;\"><a href=\"http:\/\/www.kunsthalle-duesseldorf.de\/\">Kunsthalle<\/a>, Kunstverein<\/p>\n<p style=\"font-weight: 500;\"><a href=\"http:\/\/www.kunstsammlung.de\/\">Kunstsammlung Nordrhein Westfalen K21<\/a><\/p>\n<p style=\"font-weight: 500;\"><a href=\"https:\/\/www.kunstpalast.de\/de\/museum\/ausstellung\">Museumkunstpalast\u00a0<\/a><\/p>\n<p style=\"font-weight: 500;\"><a href=\"http:\/\/www.inselhombroich.de\/\">Stiftung Insel Hombroich Langen Foundation<\/a><\/p>\n<h2 style=\"font-weight: 500;\">Essen<\/h2>\n<p><a href=\"https:\/\/www.manifesta16.org\">Manifesta Ruhr<\/a> 2026<\/p>\n<p>21 juin &#8211; 4 octobre Bochum, Duisburg, Essen, Gelsenkirchen dans 12 \u00e9glises<\/p>\n<p style=\"font-weight: 500;\"><a href=\"http:\/\/www.museum-folkwang.de\/\">Museum Folkwang<\/a><\/p>\n<p>Gustave Courbet 17 juillet &#8211; 8 novembre<\/p>\n<h2 style=\"font-weight: 500;\">Frankfurt<\/h2>\n<p style=\"font-weight: 500;\">Mus\u00e9e d&rsquo;<a href=\"https:\/\/www.mmk.art\/de\/exhibitions\/\">art contemporain\u00a0<\/a><\/p>\n<p style=\"font-weight: 500;\"><a href=\"https:\/\/www.schirn.de\">Schirn Kunsthalle<\/a><\/p>\n<p style=\"font-weight: 500;\">St\u00e4<a href=\"http:\/\/www.staedelmuseum.de\/\">del Museum<\/a><\/p>\n<p style=\"font-weight: 500;\"><a href=\"http:\/\/www.portikus.de\/\">Portikus<\/a><\/p>\n<h2 style=\"font-weight: 500;\">Hamburg<\/h2>\n<p style=\"font-weight: 500;\"><a href=\"http:\/\/www.hamburger-kunsthalle.de\/\">Hamburger Kunsthalle<\/a><\/p>\n<p style=\"font-weight: 500;\"><a href=\"http:\/\/www.buceriuskunstforum.de\/\">Bucerius Kunstforum<\/a><\/p>\n<p><a href=\"https:\/\/www.deichtorhallen.de\">Deichtorhallen<\/a><\/p>\n<h2 style=\"font-weight: 500;\">Hannover<\/h2>\n<p style=\"font-weight: 500;\"><a href=\"http:\/\/www.sprengel-museum.de\/\">Sprengel &#8211; Museum<\/a><\/p>\n<h2 style=\"font-weight: 500;\">Herford<\/h2>\n<p style=\"font-weight: 500;\"><a href=\"http:\/\/www.martaherford.de\/\">MARTa<\/a><\/p>\n<h2 style=\"font-weight: 500;\">Karlsruhe<\/h2>\n<p style=\"font-weight: 500;\"><a href=\"http:\/\/www.kunsthalle-karlsruhe.de\/\">Kunsthalle Karlsruhe<\/a><\/p>\n<p style=\"font-weight: 500;\">Zentrum f\u00fcr Kunst und Medien Technologie<a href=\"http:\/\/www.zkm.de\/\"> ZKM http:\/\/www.zkm.de\/<\/a><\/p>\n<h2 style=\"font-weight: 500;\">Kassel<\/h2>\n<p style=\"font-weight: 500;\"><a href=\"http:\/\/documenta-fifteen.de\">Documenta 15<\/a><\/p>\n<p style=\"font-weight: 500;\">Fridericianum<\/p>\n<p style=\"font-weight: 500;\"><a href=\"http:\/\/museum-kassel.de\/\">Schlosswilhelms<\/a>h\u00f6he<\/p>\n<h2 style=\"font-weight: 500;\">Leipzig<\/h2>\n<p style=\"font-weight: 500;\"><a href=\"http:\/\/www.halle14.org\/\">Halle 14<\/a> (Baumwollspinnerei)<\/p>\n<p style=\"font-weight: 500;\"><strong>Ludwigshafen<\/strong><\/p>\n<p style=\"font-weight: 500;\"><a href=\"http:\/\/www.wilhelmhack.museum\/\">http:\/\/www.wilhelmhack.museum<\/a><\/p>\n<h2 style=\"font-weight: 500;\">Mannheim<\/h2>\n<p style=\"font-weight: 500;\"><a href=\"https:\/\/www.kuma.art\">Kunsthalle-Mannheim<\/a><\/p>\n<h2 style=\"font-weight: 500;\">Munich<\/h2>\n<p style=\"font-weight: 500;\"><a href=\"http:\/\/www.hausderkunst.de\/\">Haus der Kunst<\/a><\/p>\n<p style=\"font-weight: 500;\">St\u00e4dtische Galerie im <a href=\"http:\/\/www.lenbachhaus.de\/\">Lenbachhaus<\/a><\/p>\n<p style=\"font-weight: 500;\"><a href=\"http:\/\/www.pinakothek.de\/\">Pinakothek der Moderne<\/a><\/p>\n<p style=\"font-weight: 500;\">Alte Pinakothek<\/p>\n<p style=\"font-weight: 500;\">Neue Pinakotek<\/p>\n<p style=\"font-weight: 500;\">Museum Brandhorst<\/p>\n<p style=\"font-weight: 500;\"><a href=\"http:\/\/www.hypo-kunsthalle.de\/\">Kunsthalle der HypoKulturstiftung<\/a><\/p>\n<p style=\"font-weight: 500;\"><a href=\"http:\/\/www.kunstverein-muenchen.de\/\">Kunstverein<\/a><\/p>\n<h2 style=\"font-weight: 500;\">M\u00fcnster<\/h2>\n<p style=\"font-weight: 500;\"><a href=\"http:\/\/www.skulptur-projekte.de\/\">skulptur-projekte.de<\/a><\/p>\n<p style=\"font-weight: 500;\">Westf\u00e4l<a href=\"http:\/\/www.westfaelischer-kunstverein.de\/\">ischer Kunst Verein<\/a><\/p>\n<h2 style=\"font-weight: 500;\">N\u00fcremberg<\/h2>\n<h2 style=\"font-weight: 500;\">Stuttgart<\/h2>\n<p style=\"font-weight: 500;\"><a href=\"http:\/\/www.staatsgalerie.de\/\">Staatsgalerie de Stuttgart<\/a><\/p>\n<p style=\"font-weight: 500;\"><a href=\"http:\/\/www.kunstmuseum-stuttgart.de\/\">Kunstmuseum Stuttgart<\/a><\/p>\n<h2 style=\"font-weight: 500;\">Wolfsburg<\/h2>\n<p style=\"font-weight: 500;\"><a href=\"http:\/\/www.kunstmuseum-wolfsburg.de\/\">http:\/\/www.kunstmuseum-wolfsburg.de\/<\/a><\/p>\n<hr \/>\n<h2><strong>AUTRICHE<\/strong><\/h2>\n<p>Bregenz<\/p>\n<p><a href=\"http:\/\/www.kunsthaus-bregenz.at\/\" target=\"_blank\" rel=\"noopener noreferrer\">http:\/\/www.kunsthaus-bregenz.at<\/a><\/p>\n<p><a href=\"http:\/\/vlm.at\/\" target=\"_blank\" rel=\"noopener noreferrer\">Voralberger Landesmuseum<\/a><\/p>\n<p>Graz<\/p>\n<p>Kunsthaus <a href=\"http:\/\/www.kunsthausgraz.at\/\" target=\"_blank\" rel=\"noopener noreferrer\">http:\/\/www.kunsthausgraz.at\/<\/a><\/p>\n<p>Innsbruck<\/p>\n<p>Galerie im Taxispalais<\/p>\n<p>Linz<\/p>\n<p><a href=\"http:\/\/www.lentos.at\/de\/\" target=\"_blank\" rel=\"noopener noreferrer\">Lentos Kunstmuseum<\/a><\/p>\n<p><a href=\"http:\/\/www.landesmuseum.at\/\" target=\"_blank\" rel=\"noopener noreferrer\">Landesmuseum<\/a><\/p>\n<p>Salzburg<\/p>\n<p><a href=\"http:\/\/www.museumdermoderne.at\/\" target=\"_blank\" rel=\"noopener noreferrer\">Museum der Moderne<\/a><\/p>\n<h3><strong><span style=\"color: #993300;\">Vienne<\/span><\/strong><\/h3>\n<p><a href=\"http:\/\/www.khm.at\/\" target=\"_blank\" rel=\"noopener noreferrer\">Kunsthistorischesmuseum<\/a><\/p>\n<p><a href=\"http:\/\/www.mumok.at\/\" target=\"_blank\" rel=\"noopener noreferrer\">http:\/\/www.mumok.at\/<\/a><\/p>\n<p><a href=\"http:\/\/www.kunsthallewien.at\/\" target=\"_blank\" rel=\"noopener noreferrer\">http:\/\/www.kunsthallewien.at\/<\/a><\/p>\n<p><a href=\"http:\/\/www.leopoldmuseum.org\/\" target=\"_blank\" rel=\"noopener noreferrer\">http:\/\/www.leopoldmuseum.org<\/a><\/p>\n<p><a href=\"http:\/\/www.albertina.at\/\" target=\"_blank\" rel=\"noopener noreferrer\">http:\/\/www.albertina.at<\/a><\/p>\n<p><a href=\"http:\/\/www.belvedere.at\/\" target=\"_blank\" rel=\"noopener noreferrer\">http:\/\/www.belvedere.at\/<\/a><\/p>\n<p>Winter palais<\/p>\n<p><a href=\"http:\/\/www.21erhaus.at\/en\" target=\"_blank\" rel=\"noopener noreferrer\">http:\/\/www.21erhaus.at\/en<\/a><\/p>\n<p><a href=\"http:\/\/www.secession.at\/\" target=\"_blank\" rel=\"noopener noreferrer\">Secession<\/a><\/p>\n<p><a href=\"http:\/\/foundation.generali.at\/\" target=\"_blank\" rel=\"noopener noreferrer\">Generali Foundation<\/a> (ferm\u00e9, la collection est d\u00e9pos\u00e9e au Museum der Moderne de Salzburg)<\/p>\n<p><a href=\"http:\/\/www.tba21.org\/\" target=\"_blank\" rel=\"noopener noreferrer\">Thyssen-Bornemisza Art<\/a> Contemporary<\/p>\n<p><a href=\"http:\/\/www.wienmuseum.at\/\" target=\"_blank\" rel=\"noopener noreferrer\">Wien Museum<\/a><\/p>\n<p><a href=\"http:\/\/www.mak.at\/\" target=\"_blank\" rel=\"noopener noreferrer\">MAK Mu<\/a>s\u00e9e d&rsquo;arts d\u00e9coratifs<\/p>\n<p><a href=\"http:\/\/www.essl.museum\/\" target=\"_blank\" rel=\"noopener noreferrer\">Klosterneuburg, Sammlung Essl<\/a> ferm\u00e9, collection transf\u00e9r\u00e9e \u00e0 l&rsquo;Albertina<\/p>\n<hr \/>\n<h2>BELGIQUE<\/h2>\n<p style=\"font-weight: 500;\">Anvers<\/p>\n<p style=\"font-weight: 500;\"><a href=\"http:\/\/www.muhka.be\/\">MUHKA<\/a><\/p>\n<p style=\"font-weight: 500;\"><strong><span style=\"color: #993300;\">Bruxelles<\/span><\/strong><\/p>\n<p style=\"font-weight: 500;\">Mus\u00e9es <a href=\"http:\/\/www.fine-arts-museum.be\/\">royaux des beaux-arts de Belgique<\/a><\/p>\n<p style=\"font-weight: 500;\">Site des mus\u00e9es <a href=\"http:\/\/www.brusselsmuseums.be\/\">bruxellois<\/a><\/p>\n<p style=\"font-weight: 500;\"><a href=\"http:\/\/www.bozar.be\/\">Palais des Beaux-arts<\/a><\/p>\n<p><a href=\"https:\/\/kanal.brussels\/fr\">Kanal<\/a> Centre Pompidou Bruxelles, ancien garage Citro\u00ebn ouverture le 28 novembre 2026<\/p>\n<p style=\"font-weight: 500;\"><a href=\"http:\/\/www.argosarts.org\/\">Argos art<\/a><\/p>\n<p style=\"font-weight: 500;\">La centrale \u00e9lectrique. Centre europ\u00e9en d&rsquo;art contemporain<\/p>\n<p style=\"font-weight: 500;\"><a href=\"http:\/\/www.wiels.org\/\">Wiels<\/a><\/p>\n<p style=\"font-weight: 500;\">Mus\u00e9e <a href=\"http:\/\/www.musee-magritte-museum.be\/\">Magritte<\/a><\/p>\n<p style=\"font-weight: 500;\">Gand<\/p>\n<p style=\"font-weight: 500;\">Mus\u00e9e municipal pour l&rsquo;art actuel <a href=\"http:\/\/www.smak.be\/\">(S.M.A.K.)<\/a><\/p>\n<p style=\"font-weight: 500;\">Grand-Hornu<\/p>\n<p style=\"font-weight: 500;\">Pr\u00e8s de Mons, mus\u00e9e d&rsquo;art contemporain, <a href=\"http:\/\/www.mac-s.be\/\">le MAC<\/a>&lsquo;s.<\/p>\n<hr \/>\n<h2>COR\u00e9E<\/h2>\n<p style=\"font-weight: 500;\">Gwangju<\/p>\n<p style=\"font-weight: 500;\">Gwangju Museum of Art (ouvert en 1992)<\/p>\n<p style=\"font-weight: 500;\">Biennale<\/p>\n<p style=\"font-weight: 500;\">Suwon (environs)<\/p>\n<p style=\"font-weight: 500;\"><a href=\"http:\/\/njpac-en.ggcf.kr\/\">Nam June Paik Art Center <\/a>(achev\u00e9 en 2008)<\/p>\n<p style=\"font-weight: 500;\">Seoul<\/p>\n<p style=\"font-weight: 500;\"><a href=\"http:\/\/eng.theartro.kr\/\">Platform for Korean Contemporary Art<\/a>. The Artro<\/p>\n<p style=\"font-weight: 500;\"><a href=\"http:\/\/mmca.go.kr\/eng\/\">National Museum of Modern and Contemporary Art<\/a><\/p>\n<p style=\"font-weight: 500;\"><a href=\"http:\/\/leeum.samsungfoundation.org\/html_eng\/global\/main.asp\">Leeum, Samsung Museum of Art<\/a><\/p>\n<p style=\"font-weight: 500;\"><a href=\"http:\/\/www.ddp.or.kr\/\">Dongdaemun Design Plaza ddp<\/a><\/p>\n<p style=\"font-weight: 500;\"><a href=\"http:\/\/sema.seoul.go.kr\/korean\/index.jsp\">Seoul Museum of Art<\/a><\/p>\n<p style=\"font-weight: 500;\">National Museum of Korea<\/p>\n<p style=\"font-weight: 500;\">Totalmuseum<\/p>\n<hr \/>\n<h2>DANEMARK<\/h2>\n<p style=\"font-weight: 500;\">Aarhus<\/p>\n<p style=\"font-weight: 500;\"><a href=\"http:\/\/www.aros.dk\/\">Aros Kunstmuseum<\/a><\/p>\n<p style=\"font-weight: 500;\">Copenhague<\/p>\n<p style=\"font-weight: 500;\"><a href=\"http:\/\/www.smk.dk\/\">Statens Museum for kunst<\/a><\/p>\n<p style=\"font-weight: 500;\">Soci\u00e9t\u00e9 des Beaux-Arts <a href=\"http:\/\/www.glstrand.dk\/\">GL Strand<\/a><\/p>\n<p style=\"font-weight: 500;\"><a href=\"http:\/\/www.louisiana.dk\/\">Humlebaek Louisania <\/a>Museum of Modern Art<\/p>\n<p style=\"font-weight: 500;\"><a href=\"http:\/\/editioncopenhagen.com\/\">http:\/\/editioncopenhagen.com\/<\/a><\/p>\n<p><a href=\"http:\/\/ordrupgaard.dk\">Ordrupgaard<\/a><\/p>\n<hr \/>\n<h2>ESPAGNE<\/h2>\n<p>Bilbao<\/p>\n<p style=\"font-weight: 500;\">Guggenheim <a href=\"http:\/\/www.guggenheim-bilbao.eus\/\">www.guggenheim-bilbao.eus<\/a><\/p>\n<p style=\"font-weight: 500;\">Barcelone<\/p>\n<p style=\"font-weight: 500;\">Museu d&rsquo;art contemporani de <a href=\"https:\/\/www.macba.cat\/en\">Barcelona (MACBA)<\/a><\/p>\n<p>Project a Black Planet jusqu&rsquo;au 6 avril<\/p>\n<p><em>Comme une danse d\u2019\u00e9tourneaux<\/em>, regard sur la collection du Macba qui f\u00eate ses trente ans jusqu\u2019au 28 septembre<\/p>\n<p>Basel Abbas i Ruane Abourahme 13 f\u00e9vrier &#8211; 28 septembre<\/p>\n<p>entr\u00e9e libre le samedi d\u00e8s 16h. -20h.<\/p>\n<p style=\"font-weight: 500;\">Mus\u00e9e <a href=\"http:\/\/www.museupicasso.bcn.es\/\">Picasso<\/a><\/p>\n<p>Ubu Pintor jusqu&rsquo;au 5 avril<\/p>\n<p style=\"font-weight: 500;\">Fondation J<a href=\"https:\/\/www.fmirobcn.org\/fr\/\">oan Miro<\/a><\/p>\n<p style=\"font-weight: 500;\"><a href=\"http:\/\/fundaciotapies.org\/\">Fondation Antoni Tapies<\/a><\/p>\n<p><a href=\"https:\/\/ajuntament.barcelona.cat\/lavirreina\/en\">Palau della Virreina<\/a>, centre de l&rsquo;image<\/p>\n<p style=\"font-weight: 500;\"><a href=\"http:\/\/www.artssantamonica.cat\/\">Arts Santa Monica<\/a><\/p>\n<p style=\"font-weight: 500;\"><a href=\"http:\/\/www.cccb.org\/ca\/\">Centre de culture contemporaine<\/a> de Barcelone<\/p>\n<p>Rodoreda Un Bosc jusqu&rsquo;au 26 mai<\/p>\n<p>Palau Martorell <a href=\"http:\/\/palaumartorell.com\">palaumartorell.com<\/a><\/p>\n<p style=\"font-weight: 500;\"><a href=\"https:\/\/www.museunacional.cat\/ca\">MNAC Museu Nacional<\/a> d&rsquo;art de Catalunya<\/p>\n<p style=\"font-weight: 500;\">Gaudi etc:<a href=\"http:\/\/www.casabatllo.cat\/\"> Casa Batllo<\/a><\/p>\n<p>Un centre Gaudi a \u00e9t\u00e9 ouvert \u00e0 Reus (108 km de Barcelone)<\/p>\n<p><a href=\"https:\/\/www.reusturisme.cat\/ciutat-de-gaudi\/gaudi-centre\/\">https:\/\/www.reusturisme.cat\/ciutat-de-gaudi\/gaudi-centre\/<\/a><\/p>\n<p style=\"font-weight: 500;\"><a href=\"http:\/\/www.rutadelmodernisme.com\/\">http:\/\/www.rutadelmodernisme.com (<\/a>tr\u00e8s utile)<\/p>\n<p>Figueras<\/p>\n<p style=\"font-weight: 500;\">Teatre Museu Dali<\/p>\n<p style=\"font-weight: 500;\">Leon<\/p>\n<p style=\"font-weight: 500;\">Museo de arte contemporaneo de Castilla y Leon<\/p>\n<p style=\"font-weight: 500;\"><a href=\"http:\/\/www.musac.es\/\">http:\/\/www.musac.es\/<\/a><\/p>\n<h2 style=\"font-weight: 500;\"><strong><span style=\"color: #993300;\">Madrid<\/span><\/strong><\/h2>\n<p style=\"font-weight: 500;\">Photo Espana<\/p>\n<p style=\"font-weight: 500;\"><a href=\"http:\/\/www.phe.es\/es\/phe\">http:\/\/www.phe.es\/es\/phe<\/a><\/p>\n<p style=\"font-weight: 500;\"><a href=\"https:\/\/www.museodelprado.es\/\">Museo Nacional del Prado<\/a> (gratuit de 18h \u00e0 20h)<\/p>\n<p style=\"font-weight: 500;\"><a href=\"http:\/\/www.museoreinasofia.es\/\">Museo Nacional Centro de arte Reina Sofia<\/a><\/p>\n<p style=\"font-weight: 500;\">Palacio de Cristal<\/p>\n<p style=\"font-weight: 500;\"><a href=\"http:\/\/www.museothyssen.org\/\">Museo de arte Thyssen Bornemisza<\/a><\/p>\n<p style=\"font-weight: 500;\">Abattoirs, centre culturel: <a href=\"http:\/\/www.mataderomadrid.org\/\">http:\/\/www.mataderomadrid.org<\/a><\/p>\n<p style=\"font-weight: 500;\"><a href=\"http:\/\/www.fundacioncajamadrid.es\/\">Fundacion Caja Madrid<\/a><\/p>\n<p style=\"font-weight: 500;\"><a href=\"http:\/\/www.circulobellasartes.com\/\">Circulo de Bellas Artes<\/a><\/p>\n<p>Malaga<\/p>\n<p><a href=\"https:\/\/www.museopicassomalaga.org\">Musee Picasso<\/a><\/p>\n<p><a href=\"https:\/\/centrepompidou-malaga.eu\">Centre Pompidou Malaga<\/a><\/p>\n<p><a href=\"https:\/\/www.carmenthyssenmalaga.org\/en\/\">Collection Carmen Thyssen<\/a><\/p>\n<p><a href=\"https:\/\/cacmalaga.eu\">CAC Centre art contemporain<\/a><\/p>\n<p style=\"font-weight: 500;\">Murcie<\/p>\n<p>Santander<\/p>\n<p><a href=\"https:\/\/www.centrobotin.org\/fr\/\">Centro Botin<\/a><\/p>\n<p>Saragosse<\/p>\n<p style=\"font-weight: 500;\">Mus\u00e9e Goya<\/p>\n<p style=\"font-weight: 500;\">S\u00e9ries compl\u00e8tes des gravures de Goya<\/p>\n<p style=\"font-weight: 500;\">Mus\u00e9e Pablo Gargallo (Palais d&rsquo;Argillo)<\/p>\n<p style=\"font-weight: 500;\">Santiago de Compostela<\/p>\n<p style=\"font-weight: 500;\"><a href=\"http:\/\/www.cgac.org\/\">Centro Galego de arte contemporanea <\/a>(cgac)<\/p>\n<p style=\"font-weight: 500;\">S\u00e9ville<\/p>\n<p style=\"font-weight: 500;\">Valence<\/p>\n<p><a href=\"http:\/\/www.ivam.es\/\" target=\"_blank\" rel=\"noopener noreferrer\">IVAM <\/a><\/p>\n<p><a href=\"http:\/\/www.muvim.es\/\" target=\"_blank\" rel=\"noopener noreferrer\">MuVIM <\/a>Mus\u00e9e valencien de l&rsquo;illustration et de la modernit\u00e9<\/p>\n<hr \/>\n<h2>FINLANDE<\/h2>\n<p><strong><span style=\"color: #993300;\">Helsinki<\/span><\/strong><\/p>\n<p><a href=\"http:\/\/www.kiasma.fi\/en\/\" target=\"_blank\" rel=\"noopener noreferrer\">Kiasma<\/a> Mus\u00e9e d&rsquo;art contemporain<\/p>\n<p><a href=\"http:\/\/www.ateneum.fi\/en\/welcome\" target=\"_blank\" rel=\"noopener noreferrer\">Ateneum<\/a> (19e et 20e)<\/p>\n<p><a href=\"http:\/\/www.sinebrychoffintaidemuseo.fi\/sinebrychoff_en\" target=\"_blank\" rel=\"noopener noreferrer\">Sinebrychoff Art Museum<\/a> (18e et avant)<\/p>\n<hr \/>\n<h2>FRANCE<\/h2>\n<p style=\"font-weight: 500;\">Les 33 mus\u00e9es de la R\u00e9union des mus\u00e9es nationaux ont un site commun:<\/p>\n<p style=\"font-weight: 500;\">http:\/\/www.rmn.fr\/<\/p>\n<p style=\"font-weight: 500;\">Informations culturelles et bases de donn\u00e9es pour la France<\/p>\n<p style=\"font-weight: 500;\"><a href=\"http:\/\/www.culture.fr\/\">http:\/\/www.culture.fr\/<\/a><\/p>\n<p style=\"font-weight: 500;\">Association fran\u00e7aise de d\u00e9veloppement des centres d&rsquo;art (tous les centres d&rsquo;art contemporain)<\/p>\n<p style=\"font-weight: 500;\"><a href=\"http:\/\/www.dca-art.com\/\">http:\/\/www.dca-art.com\/<\/a><\/p>\n<hr \/>\n<p>Agen<\/p>\n<p>Mus\u00e9e <a href=\"https:\/\/www.agen.fr\/en-ce-moment\/goya-2019-2020\/goya-a-agen-une-exposition-evenement-643.html\">des beaux-arts<\/a><\/p>\n<p style=\"font-weight: 500;\">Aix en Provence<\/p>\n<p style=\"font-weight: 500;\">Mus\u00e9e <a href=\"http:\/\/www.museegranet-aixenprovence.fr\/nc\/accueil.html\">Granet<\/a><\/p>\n<p>H\u00f4t<a href=\"http:\/\/www.caumont-centredart.com\">el de Caumont<\/a><\/p>\n<p style=\"font-weight: 500;\">Ajaccio<\/p>\n<p style=\"font-weight: 500;\">Mus\u00e9e <a href=\"http:\/\/www.musee-fesch.com\/\">Fesch<\/a><\/p>\n<p style=\"font-weight: 500;\">Arles<\/p>\n<p style=\"font-weight: 500;\"><a href=\"http:\/\/www.rencontres-arles.com\/\">Rencontres d<\/a>&lsquo;Arles<\/p>\n<p><a href=\"https:\/\/www.festivaldudessin.fr\/fr\/\">Festival du dessin<\/a> Arles<\/p>\n<p style=\"font-weight: 500;\"><a href=\"http:\/\/www.fondation-vincentvangogh-arles.org\/\">Fondation Van Gogh<\/a><\/p>\n<p style=\"font-weight: 500;\"><a href=\"http:\/\/luma-arles.org\/\">LUMA <\/a><\/p>\n<p style=\"font-weight: 500;\">Mus\u00e9<a href=\"http:\/\/www.museereattu.arles.fr\/\">e Reattu<\/a><\/p>\n<p style=\"font-weight: 500;\">Avignon<\/p>\n<p><a href=\"https:\/\/palais-des-papes.com\">Palais des Papes<\/a><\/p>\n<p style=\"font-weight: 500;\"><a href=\"http:\/\/www.collectionlambert.fr\/\">Collection Lambert<\/a><\/p>\n<p style=\"font-weight: 500;\">Mus\u00e9e <a href=\"http:\/\/angladon.fr\/\">Angladon<\/a><\/p>\n<p style=\"font-weight: 500;\">Mus\u00e9e <a href=\"http:\/\/www.musee-calvet.org\">Calvet<\/a><\/p>\n<p style=\"font-weight: 500;\">Besan\u00e7on<\/p>\n<p>Mus\u00e9e <a href=\"https:\/\/www.mbaa.besancon.fr\">des beaux-arts<\/a><\/p>\n<p><a href=\"http:\/\/www.frac-franche-comte.fr\/\">Frac Franche-Comt<\/a>\u00e9 (mercredi -dimanche)<\/p>\n<p style=\"font-weight: 500;\">Bourges<\/p>\n<p>Bordeaux<\/p>\n<p style=\"font-weight: 500;\"><a href=\"http:\/\/www.capc-bordeaux.fr\/\">CAPC<\/a> Mus\u00e9e d&rsquo;art contemporain de Bordeaux<\/p>\n<p style=\"font-weight: 500;\">http:\/\/citedescivilisationsduvin.com<\/p>\n<p>Bourg en Bresse, Monast\u00e8<a href=\"https:\/\/www.monastere-de-brou.fr\">re royal de Brou<\/a><\/p>\n<p><strong>Brest (Landerneau)<\/strong><\/p>\n<p><a href=\"http:\/\/www.fonds-culturel-leclerc.fr\/\">http:\/\/www.fonds-culturel-leclerc.fr\/<\/a><\/p>\n<p style=\"font-weight: 500;\">Dijon<\/p>\n<p><a href=\"https:\/\/beaux-arts.dijon.fr\">Musee des beaux-arts <\/a><\/p>\n<p style=\"font-weight: 500;\"><a href=\"http:\/\/www.frac-bourgogne.org\/\">FRAC Bourgogne<\/a>\u00a0(Les Bains du Nord)<\/p>\n<p style=\"font-weight: 500;\"><a href=\"http:\/\/www.musees-franchecomte.com\/\">Dole <\/a>Franche-Comt\u00e9<\/p>\n<p style=\"font-weight: 500;\"><a href=\"http:\/\/ville-evian.fr\">Evian Palais<\/a> lumi\u00e8re<\/p>\n<p>Modernit\u00e9 suisse jusqu&rsquo;au 17 mai<\/p>\n<p style=\"font-weight: 500;\"><span style=\"font-size: revert;\">Grenoble<\/span><\/p>\n<p style=\"font-weight: 500;\">Mus\u00e9e <a href=\"http:\/\/www.museedegrenoble.fr\/\">des beaux-arts<\/a><\/p>\n<p style=\"font-weight: 500;\"><a href=\"http:\/\/www.magasin-cnac.org\/\">Magasin<\/a><\/p>\n<p style=\"font-weight: 500;\">Lectoure<\/p>\n<p style=\"font-weight: 500;\"><a href=\"http:\/\/centre-photo-lectoure.fr\/\">Centre d<\/a>&lsquo;art et de photographie<\/p>\n<p>Lod\u00e8ve\u00a0<a href=\"http:\/\/www.museedelodeve.fr\">http:\/\/www.museedelodeve.fr<\/a><\/p>\n<p style=\"font-weight: 500;\">Lyon<\/p>\n<p style=\"font-weight: 500;\">Biennale de Lyon <a href=\"https:\/\/www.labiennaledelyon.com\">https:\/\/www.labiennaledelyon.com<\/a><\/p>\n<p>19 septembre &#8211; 13 d\u00e9cembre 2026<\/p>\n<p style=\"font-weight: 500;\">Mus\u00e9e des beaux-arts de Lyon<\/p>\n<p style=\"font-weight: 500;\"><a href=\"http:\/\/www.mba-lyon.fr\/mba\/\">http:\/\/www.mba-lyon.fr\/mba\/<\/a><\/p>\n<p style=\"font-weight: 500;\">Mus\u00e9e d&rsquo;art contemporain (mercredi -dimanche)<\/p>\n<p><a href=\"http:\/\/www.mac-lyon.com\/mac\/\">http:\/\/www.mac-lyon.com\/mac\/<\/a><\/p>\n<p><a href=\"https:\/\/museedesconfluences.fr\/fr\/expositions\/expositions-temporaires?state=165\">Musee des confluences<\/a><\/p>\n<p>Zombis jusqu&rsquo;au 16 ao\u00fbt 2026<\/p>\n<p style=\"font-weight: 500;\"><a href=\"http:\/\/www.institut-lumiere.org\/\">Institut Lumi<\/a>\u00e8re<\/p>\n<p style=\"font-weight: 500;\">Institut d&rsquo;<a href=\"http:\/\/www.i-ac.eu\/\">art contemporain Villeurbane<\/a><\/p>\n<p style=\"font-weight: 500;\">Lille<\/p>\n<p style=\"font-weight: 500;\"><a href=\"http:\/\/www.musenor.com\/\">Musenor: <\/a>site des mus\u00e9es du Nord-Pas de Calais<\/p>\n<p style=\"font-weight: 500;\"><a href=\"http:\/\/www.pba-lille.fr\/\">Palais des beaux-arts<\/a><\/p>\n<p><a href=\"http:\/\/www.musee-lam.fr\/fr\">Lam M<\/a>us\u00e9e d&rsquo;art moderne et contemporain Villeneuve d&rsquo;Ascq<\/p>\n<p style=\"font-weight: 500;\"><a href=\"http:\/\/lille3000.com\/\">http:\/\/lille3000.com\/<\/a><\/p>\n<p>Marseille<\/p>\n<p>Mus\u00e9es <a href=\"https:\/\/musees.marseille.fr\">Marseille<\/a><\/p>\n<p>Mus\u00e9e Cantini<\/p>\n<p>Mus\u00e9e d&rsquo;<a href=\"https:\/\/musees.marseille.fr\/musee-dart-contemporain-mac\">art contemporain<\/a><\/p>\n<p>Cit\u00e9 de l&rsquo;art contemporain (Merc &#8211; dim) <a href=\"https:\/\/fracsud.org\">Frac Sud<\/a><\/p>\n<p>Mus\u00e9e des beaux-arts<\/p>\n<p>Metz<\/p>\n<p style=\"font-weight: 500;\"><a href=\"http:\/\/www.centrepompidou-metz.fr\/\">Centre Pompidou Metz <\/a><\/p>\n<p>Montauban<\/p>\n<p>Mus\u00e9e <a href=\"https:\/\/museeingresbourdelle.com\">Ingres Bourdelle\u00a0<\/a>(ancien palais \u00e9piscopal r\u00e9ouvert d\u00e9cembre 2019)<\/p>\n<p style=\"font-weight: 500;\">Montpellier<\/p>\n<p style=\"font-weight: 500;\">Mus\u00e9e <a href=\"https:\/\/museefabre.montpellier3m.fr\">Fabre de Montpellier<\/a><\/p>\n<p><a href=\"https:\/\/www.moco.art\/fr\/page-daccueil\">https:\/\/www.moco.art\/fr\/page-daccueil<\/a><\/p>\n<p style=\"font-weight: 500;\"><a href=\"http:\/\/lapanacee.org\/\">http:\/\/lapanacee.org\/ <\/a>Centre de culture contemporaine<\/p>\n<p style=\"font-weight: 500;\">Mouans- Sartoux<\/p>\n<p style=\"font-weight: 500;\">Espace de l&rsquo;art concret, ch\u00e2teau de Mouans, La collection Albers-Honegger<\/p>\n<p style=\"font-weight: 500;\">Nantes<\/p>\n<p style=\"font-weight: 500;\"><a href=\"http:\/\/www.estuaire.info\/\">Estuaire<\/a><\/p>\n<p style=\"font-weight: 500;\">N\u00eemes<\/p>\n<p style=\"font-weight: 500;\">Carr\u00e9 d&rsquo;Art<\/p>\n<p style=\"font-weight: 500;\"><a href=\"http:\/\/www.carreartmusee.com\/\">http:\/\/www.carreartmusee.com<\/a><\/p>\n<p>Orl\u00e9ans Mus\u00e9e des beaux-arts<\/p>\n<p><a href=\"https:\/\/www.orleans-metropole.fr\/culture\/musees-expositions\/le-musee-des-beaux-arts\">https:\/\/www.orleans-metropole.fr\/culture\/musees-expositions\/le-musee-des-beaux-arts<\/a><\/p>\n<p><a href=\"http:\/\/musees.regioncentre.fr\/les-musees\">http:\/\/musees.regioncentre.fr\/les-musees<\/a><\/p>\n<p>Ornans<a href=\"http:\/\/www2.doubs.fr\/courbet\/index.php?option=com_content&amp;view=article&amp;id=3&amp;Itemid=3\"> Musee Courbet (10h- 18h. sauf mardi)<\/a><\/p>\n<h2><strong><span style=\"color: #993300;\">Paris<\/span><\/strong><\/h2>\n<p style=\"font-weight: 500;\"><a href=\"http:\/\/www.104.fr\/\">LECENTQUATRE<\/a><\/p>\n<p><a href=\"http:\/\/fondation.cartier.com\/\">Fondation Cartier<\/a> pour l&rsquo;art contemporain <em>Exposition g\u00e9n\u00e9rale\u00a0<\/em> pr\u00e9sentation de la collection jusqu&rsquo;au 23 ao\u00fbt 2026<\/p>\n<p><a href=\"http:\/\/www.jeudepaume.org\/\">Jeu de Paume<\/a> Centre national pour la photographie<\/p>\n<p>Martin Parr 30 janvier &#8211; 24 mai<\/p>\n<p><a href=\"http:\/\/www.henricartierbresson.org\/\">Fondation Henri Cartier-Bresson <\/a>(nouvelle adresse)<\/p>\n<p>Grand Palais<\/p>\n<p>Matisse &#8211; 26 juillet<\/p>\n<p style=\"font-weight: 500;\"><a href=\"http:\/\/www.grandpalais.fr\/\">http:\/\/www.grandpalais.fr<\/a><\/p>\n<p>Mus\u00e9e d&rsquo;Orsay<\/p>\n<p style=\"font-weight: 500;\">(gratuit le premier dimanche du mois)<\/p>\n<p>Renoir et l&rsquo;amour 17 mars &#8211; 19 juillet<\/p>\n<p style=\"font-weight: 500;\"><a href=\"http:\/\/www.musee-orsay.fr\/\">http:\/\/www.musee-orsay.fr<\/a><\/p>\n<p>Mus\u00e9e de l&rsquo;<a href=\"https:\/\/www.musee-orangerie.fr\/fr\">Orangerie<\/a><\/p>\n<p>Henri Rousseau, l&rsquo;ambition de la peinture 25 mars &#8211; 20 juillet<\/p>\n<p>Monet et le temps 30 septembre &#8211; 29 mars 2027<\/p>\n<p>Mus\u00e9e du Louvre<\/p>\n<p>Michel-Ange \/ Rodin 15 avril &#8211; 20 juillet<\/p>\n<p>Martin Schongauer 8 avril &#8211; 20 juillet<\/p>\n<p><a href=\"http:\/\/www.louvre.fr\/\">http:\/\/www.louvre.fr<\/a><\/p>\n<p>Beaubourg,ferm\u00e9 jusqu&rsquo;en 2030 <a href=\"https:\/\/www.centrepompidou.fr\/fr\/programme\/expositions\">Centre Pompidou<\/a><\/p>\n<p><a style=\"font-size: revert;\" href=\"https:\/\/palaisdetokyo.com\/agenda-palais-de-tokyo\/\">Palais de Tokyo<\/a><\/p>\n<p><a href=\"https:\/\/www.lafayetteanticipations.com\/fr\">Lafayette Anticipations<\/a><\/p>\n<p>Mus\u00e9e d&rsquo;<a href=\"https:\/\/www.mam.paris.fr\">art moderne de Paris MAM<\/a><\/p>\n<p>Brion Gysin, le dernier mus\u00e9e 10 avril &#8211; 12 juillet<\/p>\n<p>Mus\u00e9e du <a href=\"https:\/\/www.petitpalais.paris.fr\">Petit Palais<\/a><\/p>\n<p>Mus\u00e9e Picasso<\/p>\n<p>Henry Taylor 8 avril &#8211; 6 septembre<\/p>\n<p style=\"font-weight: 500;\"><a href=\"https:\/\/www.museepicassoparis.fr\/fr\">https:\/\/www.museepicassoparis.fr\/fr<\/a><\/p>\n<p>&nbsp;<\/p>\n<p>Maison europ\u00e9<a href=\"https:\/\/www.mep-fr.org\">enne de la photographie<\/a><\/p>\n<p><a href=\"https:\/\/www.fondation-giacometti.fr\">Fondation Giacometti<\/a><\/p>\n<p>Mus\u00e9e <a href=\"https:\/\/www.musee-rodin.fr\">Rodin<\/a><\/p>\n<p>&nbsp;<\/p>\n<p>Mus\u00e9e <a href=\"https:\/\/museemaillol.com\">Maillol<\/a><\/p>\n<p>Geluck expose le chat 14 novembre &#8211;<\/p>\n<p>Mus\u00e9e <a href=\"https:\/\/www.bourdelle.paris.fr\">Bourdelle<\/a><\/p>\n<p>Mus\u00e9e <a href=\"https:\/\/museeduluxembourg.fr\/fr\/agenda\/evenement\/match\">du Luxembourg<\/a><\/p>\n<p>Leonora Carrington 18 f\u00e9vrier &#8211; 19 juillet<\/p>\n<p>E<a href=\"http:\/\/beauxartsparis.fr\/fr\/actualite\/la-fabrique-des-collections-alexandre-wanda-mathias-les-autres\">cole nationale des beaux-art<\/a>s \u00a0(13h &#8211; 19h)<\/p>\n<p><a href=\"https:\/\/www.monnaiedeparis.fr\/fr\">Monnaie de Paris<\/a><\/p>\n<p><a href=\"https:\/\/www.hallesaintpierre.org\">Halle Saint-Pierre<\/a> L&rsquo;\u00e9toffe des r\u00eaves \u00a0jusqu&rsquo;au 31 juillet<\/p>\n<p><a href=\"https:\/\/www.pinaultcollection.com\/fr\/boursedecommerce\">Bourse de commerce<\/a><\/p>\n<p>Clair &#8211; obscur 4 mars &#8211;<\/p>\n<p><a href=\"https:\/\/www.fondationlouisvuitton.fr\/fr\">Fondation Louis Vuitton<\/a><\/p>\n<p>Calder 15 avril &#8211; 16 ao\u00fbt<\/p>\n<p><a href=\"https:\/\/ccsparis.com\">Centre culturel suisse<\/a><\/p>\n<p>Ingeborg L\u00fcscher \/ Mai Thu Perret 26 mars &#8211; 26 juillet<\/p>\n<p>Mus\u00e9e <a href=\"https:\/\/www.marmottan.fr\">Marmottan Monet<\/a><\/p>\n<p>Segantini 29 avril &#8211; 16 ao\u00fbt<\/p>\n<p>Mus\u00e9e<a href=\"https:\/\/www.musee-jacquemart-andre.com\/fr\"> Jaquemart -And<\/a>r\u00e9<\/p>\n<p>Splendeurs du Baroque 26 mars &#8211; 2 ao\u00fbt<\/p>\n<p>Mus\u00e9e <a href=\"https:\/\/www.guimet.fr\">Guimet<\/a><\/p>\n<p>Mus\u00e9e du <a href=\"https:\/\/www.quaibranly.fr\/fr\/\">Quai Branly<\/a><\/p>\n<p>Biblioth\u00e8<a href=\"http:\/\/bnf.fr\">que nationale site Richelieu<\/a><\/p>\n<p><a href=\"https:\/\/philharmoniedeparis.fr\/fr\/activite\/exposition\/27890-ravel-bolero\">Philharmonie de Paris<\/a><\/p>\n<p>Boulogne Billancourt Mus\u00e9e d\u00e9<a href=\"https:\/\/albert-kahn.hauts-de-seine.fr\/en\/\">partemental Albert Kahn<\/a><\/p>\n<p>Coll\u00e8<a href=\"https:\/\/www.college-de-france.fr\/fr\">ge de France<\/a><\/p>\n<p>Reims<\/p>\n<p><a href=\"http:\/\/www.frac-champagneardenne.org\/votre-visite\">FRAC Champagne- Ardenne<\/a>(merc- dim)<\/p>\n<p style=\"font-weight: 500;\">Rennes<\/p>\n<p style=\"font-weight: 500;\"><a href=\"http:\/\/www.fracbretagne.fr\/\">FRAC Bretagne <\/a><\/p>\n<p style=\"font-weight: 500;\">Rouen<\/p>\n<p><a href=\"https:\/\/mbarouen.fr\/fr\">Musee des beaux-arts<\/a><\/p>\n<p>Roubaix<\/p>\n<p><a href=\"https:\/\/www.roubaix-lapiscine.com\">La piscine<\/a><\/p>\n<p style=\"font-weight: 500;\">Rodez<\/p>\n<p style=\"font-weight: 500;\">Mus\u00e9e Soulages<\/p>\n<p style=\"font-weight: 500;\">Sach\u00e9<\/p>\n<p style=\"font-weight: 500;\"><a href=\"http:\/\/www.atelier-calder.com\/\">Atelier Calder<\/a><\/p>\n<p style=\"font-weight: 500;\">Saint-Paul-de-Vence<\/p>\n<p style=\"font-weight: 500;\"><a href=\"http:\/\/www.fondation-maeght.com\/\">Fondation Maeght<\/a><\/p>\n<p style=\"font-weight: 500;\">Saint &#8211; Etienne<\/p>\n<p style=\"font-weight: 500;\">Mus\u00e9e d&rsquo;<a href=\"http:\/\/www.mam-st-etienne.fr\/\">art moderne<\/a><\/p>\n<p style=\"font-weight: 500;\">S\u00e8te<\/p>\n<p>Mus\u00e9e Paul Val\u00e9ry<\/p>\n<p style=\"font-weight: 500;\">Centre r\u00e9gional d&rsquo;<a href=\"http:\/\/crac.languedocroussillon.fr\/\">art contemporain<\/a> Languedoc Roussillon<\/p>\n<p style=\"font-weight: 500;\">Strasbourg<\/p>\n<p style=\"font-weight: 500;\">Mus\u00e9es de Strasbourg<\/p>\n<p style=\"font-weight: 500;\">Mus\u00e9e d&rsquo;art moderne et contemporain<\/p>\n<p style=\"font-weight: 500;\"><a href=\"http:\/\/www.musees-strasbourg.org\/\">http:\/\/www.musees-strasbourg.org\/<\/a><\/p>\n<p style=\"font-weight: 500;\">Toulouse<\/p>\n<p style=\"font-weight: 500;\"><a href=\"http:\/\/www.lesabattoirs.org\/\">Les abattoirs <\/a>mus\u00e9e d&rsquo;art moderne et contemporain<\/p>\n<p style=\"font-weight: 500;\">Tourcoing<\/p>\n<p style=\"font-weight: 500;\"><a href=\"http:\/\/www.lefresnoy.net\/\">http:\/\/www.lefresnoy.net\/<\/a><\/p>\n<p>Troyes<\/p>\n<p><a href=\"https:\/\/www.musees-troyes.com\/art-moderne\/\">Musee d&rsquo;art moderne (collection L<\/a>evy)<\/p>\n<hr \/>\n<h2 style=\"font-weight: 500;\">Hongrie<\/h2>\n<p style=\"font-weight: 500;\">Budapest En raison de l&rsquo;\u00e9volution politique les institutions culturelles vivent une p\u00e9riode de grande incertitude<\/p>\n<p style=\"font-weight: 500;\">Les mus\u00e9es \u00e0<a href=\"http:\/\/www.art-en-jeu.ch\/architecture\/museebudapest.html\"> Budapest<\/a> d\u00e9cembre 2005<\/p>\n<p style=\"font-weight: 500;\">Mus\u00e9e <a href=\"http:\/\/www.szepmuveszeti.hu\/\">des beaux-arts<\/a><\/p>\n<p style=\"font-weight: 500;\"><a href=\"http:\/\/www.mucsarnok.hu\/\">Kunsthalle Mucsarnok<\/a><\/p>\n<p style=\"font-weight: 500;\"><a href=\"http:\/\/www.mng.hu\/\">Galerie nationale <\/a>d&rsquo;art hongrois ( Palais de Buda)<\/p>\n<p style=\"font-weight: 500;\">Palais des arts: Mus\u00e9e d&rsquo;art contemporain &#8211;<a href=\"http:\/\/www.ludwigmuseum.hu\/\"> Ludwig Museum<\/a><\/p>\n<p style=\"font-weight: 500;\">Maison hongroise de la photographie<a href=\"http:\/\/www.maimano.hu\/\"> Mai Mano House<\/a><\/p>\n<p style=\"font-weight: 500;\">Mus\u00e9<a href=\"http:\/\/www.imm.hu\/\">e des arts d<\/a>\u00e9coratifs<\/p>\n<p style=\"font-weight: 500;\">Mus\u00e9e Vasarely<\/p>\n<p style=\"font-weight: 500;\"><a href=\"http:\/\/www.museum.hu\/\">Site des musees hongrois<\/a><\/p>\n<hr \/>\n<h2 style=\"font-weight: 500;\">Irlande<\/h2>\n<h2 style=\"font-weight: 500;\">Dublin<\/h2>\n<p style=\"font-weight: 500;\"><a href=\"http:\/\/www.imma.ie\/\">Irish Museum of Modern Art<\/a><\/p>\n<hr \/>\n<h2>ITALIE<\/h2>\n<p style=\"font-weight: 500;\">Biella<\/p>\n<p style=\"font-weight: 500;\"><a href=\"http:\/\/www.cittadellarte.it\/\">Fondazione Pistoletto<\/a> Cittadelle Arte<\/p>\n<p style=\"font-weight: 500;\">Bolzano<\/p>\n<p style=\"font-weight: 500;\"><a href=\"http:\/\/www.museion.it\/\">Museion <\/a>Mus\u00e9e d&rsquo;art moderne et contemporain<\/p>\n<p>Florence<\/p>\n<p><a href=\"http:\/\/palazzostrozzi.org\">Palazzo Strozzi<\/a>:<\/p>\n<p>Mantoue<\/p>\n<p><a href=\"http:\/\/www.giulioromanomantova.it\">http:\/\/www.giulioromanomantova.it<\/a><\/p>\n<p><a href=\"https:\/\/www.mantovaducale.beniculturali.it\/it\/\">Palazzo ducale<\/a><\/p>\n<p>Palazzo Te<\/p>\n<p>Milan<\/p>\n<p><a href=\"http:\/\/gam-milano.com\">Galleria<\/a> d&rsquo;arte moderna<\/p>\n<p><a href=\"http:\/\/pacmilano.it\">Pavillon<\/a> d&rsquo;art contemporain<\/p>\n<p style=\"font-weight: 500;\"><a href=\"http:\/\/www.fondazioneprada.org\">Fondation Prada <\/a>(ouvert jeudi -dimanche)<\/p>\n<p style=\"font-weight: 500;\"><a href=\"https:\/\/www.gallerieditalia.com\/it\/milano\/\">Galleria d<\/a>&lsquo;<a href=\"https:\/\/www.gallerieditalia.com\/it\/milano\/\">Italia<\/a><\/p>\n<p style=\"font-weight: 500;\"><a href=\"http:\/\/www.fondazionenicolatrussardi.com\/\">Fondazione Trussardi<\/a><\/p>\n<p>Palerme<\/p>\n<p style=\"font-weight: 500;\">Rome<\/p>\n<p style=\"font-weight: 500;\"><a href=\"http:\/\/www.fondazionemaxxi.it\/\">Maxxi. Museo nazionale <\/a>delle arti del XXI secolo<\/p>\n<p>Turin<\/p>\n<p><a href=\"https:\/\/www.gamtorino.it\/it\/\">Galleria d&rsquo;arte moderna<\/a><\/p>\n<p><a href=\"https:\/\/www.fondazionetorinomusei.it\/it\/i-nostri-musei\/\">https:\/\/www.fondazionetorinomusei.it\/it\/i-nostri-musei\/<\/a><\/p>\n<p><a href=\"https:\/\/www.fondazionemerz.org\">Fondation Merz\u00a0<\/a><\/p>\n<p>Fondation <a href=\"https:\/\/fsrr.org\">Sandretto Re Rebaudengo <\/a>(\u00e9galement \u00e0 Madrid)<\/p>\n<p><a href=\"https:\/\/museireali.beniculturali.it\/galleria-sabauda\/\">Galleria Sabauda<\/a><\/p>\n<p><a href=\"https:\/\/www.pinacoteca-agnelli.it\">Pinacoteca Agnelli<\/a><\/p>\n<p><a href=\"https:\/\/www.castellodirivoli.org\/en\/\">Castello di Rivoli<\/a><\/p>\n<p style=\"font-weight: 500;\">Venise<\/p>\n<p><a href=\"https:\/\/www.labiennale.org\/\">Biennale 23 avril &#8211; 26 novembre<\/a><\/p>\n<p style=\"font-weight: 500;\"><a href=\"http:\/\/wp.me\/p5k6Rq-qC\">Article sur les biennales<\/a><\/p>\n<p style=\"font-weight: 500;\"><a href=\"https:\/\/www.querinistampalia.org\/it\/\">Fondazione Querini Stampalia<\/a><\/p>\n<p>\u00a0<a href=\"https:\/\/www.gallerieaccademia.it\">Galleria del Accademia<\/a><\/p>\n<p><a style=\"font-size: revert;\" href=\"https:\/\/www.visitmuve.it\">Museo Correr<\/a><\/p>\n<p style=\"font-weight: 500;\"><a href=\"https:\/\/www.visitmuve.it\">Ca Pesaro<\/a><\/p>\n<p style=\"font-weight: 500;\"><a href=\"https:\/\/www.visitmuve.it\">Palazzo Fortuny<\/a><\/p>\n<p style=\"font-weight: 500;\"><a href=\"http:\/\/www.palazzograssi.it\/\">Palazzo Grassi<\/a> (Fondation Pinault)<\/p>\n<p>Tatiana Trouv\u00e9 jusqu&rsquo;au 4 janvier 2026<\/p>\n<p>Punta della Dogana<\/p>\n<p>Thomas Sch\u00fctte jusqu&rsquo;au 23 novembre 2025<\/p>\n<p style=\"font-weight: 500;\"><a href=\"http:\/\/www.fondazioneprada.org\/\">Fondazione Prada<\/a> Ca&rsquo; Corner della Regina \u00a0(ferm\u00e9 le mardi)<\/p>\n<p>Amon \/ Oma jusqu&rsquo;au 24 novembre<\/p>\n<p style=\"font-weight: 500;\"><a href=\"http:\/\/www.fondazionevedova.org\/\">Fondazione Vedova<\/a><\/p>\n<p style=\"font-weight: 500;\"><a href=\"http:\/\/www.veniceinperil.org\/\">Un site d&rsquo;info sur<\/a> l&rsquo;\u00e9tat de conservation de Venise<\/p>\n<hr \/>\n<h2 style=\"font-weight: 500;\">Lettonie<\/h2>\n<p style=\"font-weight: 500;\">Riga Mus\u00e9e national d&rsquo;art letton <a href=\"http:\/\/www.lnmm.lv\/en\">http:\/\/www.lnmm.lv\/en<\/a><\/p>\n<hr \/>\n<h2 style=\"font-weight: 500;\">Luxembourg<\/h2>\n<p style=\"font-weight: 500;\">Mus\u00e9e d&rsquo;art moderne <a href=\"http:\/\/www.mudam.lu\/\">Grand Duc Jean<\/a><\/p>\n<p style=\"font-weight: 500;\"><a href=\"http:\/\/www.casino-luxembourg.lu\/\">Casino Luxembourg<\/a><\/p>\n<hr \/>\n<h2>PAYS-BAS<\/h2>\n<p style=\"font-weight: 500;\"><span style=\"color: #993300;\">Amsterdam<\/span><\/p>\n<p style=\"font-weight: 500;\"><a href=\"http:\/\/www.stedelijk.nl\/\">http:\/\/www.stedelijk.nl\/<\/a><\/p>\n<p style=\"font-weight: 500;\">Vincent van Gogh Museum<\/p>\n<p style=\"font-weight: 500;\">Maastricht<\/p>\n<p style=\"font-weight: 500;\"><a href=\"http:\/\/www.bonnefanten.nl\/\">Bonnefantenmuseum<\/a><\/p>\n<p style=\"font-weight: 500;\">Rotterdam<\/p>\n<p style=\"font-weight: 500;\"><a href=\"http:\/\/www.boijmans.nl\/\">Boijmans van Beuningen<\/a><\/p>\n<p style=\"font-weight: 500;\">Witte de With <a href=\"http:\/\/www.wdw.nl\/\">http:\/\/www.wdw.nl\/<\/a><\/p>\n<hr \/>\n<h2><strong>POLOGNE<\/strong><\/h2>\n<p style=\"font-weight: 500;\">Cracovie<\/p>\n<p style=\"font-weight: 500;\">Mus\u00e9e d&rsquo;<a href=\"http:\/\/en.mocak.pl\/\">art contemporain<\/a><\/p>\n<p style=\"font-weight: 500;\">Cricoth\u00e8que:<a href=\"http:\/\/www.news.cricoteka.pl\/?lang=en\"> http:\/\/www.news.cricoteka.pl\/?lang=en<\/a><\/p>\n<p style=\"font-weight: 500;\">Mus\u00e9<a href=\"http:\/\/muzeum.krakow.pl\/?L=1\">es nationaux<\/a><\/p>\n<hr \/>\n<h2>PORTUGAL<\/h2>\n<p><a href=\"http:\/\/www.lisboacapitaliberoamericana.pt\">http:\/\/www.lisboacapitaliberoamericana.pt<\/a><\/p>\n<hr \/>\n<h2>ROYAUME-UNI<\/h2>\n<h2 style=\"font-weight: 500;\">Bradford (West Yorkshire)<\/h2>\n<p style=\"font-weight: 500;\">National Museum of Photography, Film &amp; Television<\/p>\n<p style=\"font-weight: 500;\"><a href=\"http:\/\/www.nmpft.org.uk\/\">http:\/\/www.nmpft.org.uk\/<\/a><\/p>\n<h2 style=\"font-weight: 500;\">Edinbourg<\/h2>\n<p style=\"font-weight: 500;\"><a href=\"http:\/\/www.nationalgalleries.org\/\">Scottish National Gallery of Modern Art<\/a><\/p>\n<p style=\"font-weight: 500;\">Scottish National Gallery<\/p>\n<p style=\"font-weight: 500;\"><a href=\"http:\/\/www.fruitmarket.co.uk\/\">Fruitmarket Gallery<\/a><\/p>\n<p style=\"font-weight: 500;\"><a href=\"http:\/\/www.stills.org\/\">Stills<\/a><\/p>\n<h2 style=\"font-weight: 500;\">Liverpool<\/h2>\n<p style=\"font-weight: 500;\"><a href=\"http:\/\/www.liverpoolmuseums.org.uk\/walker\/\">Walker Art Gallery<\/a><\/p>\n<p style=\"font-weight: 500;\">Tate Liverpool<\/p>\n<h2 style=\"font-weight: 500;\"><strong><span style=\"color: #993300;\">Londres<\/span><\/strong><\/h2>\n<p style=\"font-weight: 500;\"><a href=\"https:\/\/www.bl.uk\">La British Library <\/a>permet de feuilleter des manuscrits c\u00e9l\u00e8bres en ligne: les Evangiles de Lindisfarne, un carnet de L\u00e9onard, un autre de William Blake, le Mewar Ramayana&#8230;<\/p>\n<p style=\"font-weight: 500;\"><a href=\"http:\/\/kew.org\/\">Kew Gardens<\/a><\/p>\n<h2 style=\"font-weight: 500;\"><a href=\"http:\/\/www.nationalgallery.org.uk\/\">National Gallery<\/a><\/h2>\n<p style=\"font-weight: 500;\"><a href=\"http:\/\/www.npg.org.uk\/\">National Portrait Gallery<\/a><\/p>\n<h2 style=\"font-weight: 500;\"><a href=\"https:\/\/www.tate.org.uk\">Tate Britain<\/a><\/h2>\n<h2 style=\"font-weight: 500;\"><a href=\"https:\/\/www.tate.org.uk\">Tate Modern<\/a><\/h2>\n<p>New Tate Modern<\/p>\n<p style=\"font-weight: 500;\">Turbine Hall<\/p>\n<p style=\"font-weight: 500;\">The Queen&rsquo;s<a href=\"http:\/\/www.royalcollection.org.uk\/\"> Gallery Buckingham <\/a><\/p>\n<p style=\"font-weight: 500;\"><a href=\"https:\/\/www.serpentinegalleries.org\">Serpentine Gallery<\/a><\/p>\n<p style=\"font-weight: 500;\">Royal Academy<\/p>\n<p style=\"font-weight: 500;\"><a href=\"http:\/\/www.royalacademy.org.uk\/\">http:\/\/www.royalacademy.org.uk<\/a><\/p>\n<p style=\"font-weight: 500;\"><a href=\"https:\/\/www.southbankcentre.co.uk\/venues\/hayward-gallery\/\">Hayward Gallery<\/a><\/p>\n<p style=\"font-weight: 500;\">The Whitechapel<\/p>\n<p style=\"font-weight: 500;\"><a href=\"http:\/\/www.whitechapel.org\/\">http:\/\/www.whitechapel.org\/<\/a><\/p>\n<p style=\"font-weight: 500;\"><a href=\"https:\/\/www.ica.art\">ICA (INSTITUTE OF CONTEMPORARY ARTS)<\/a><\/p>\n<p style=\"font-weight: 500;\">British Museum<\/p>\n<p style=\"font-weight: 500;\"><a href=\"http:\/\/www.thebritishmuseum.ac.uk\/\">http:\/\/www.thebritishmuseum.ac.uk\/<\/a><\/p>\n<p style=\"font-weight: 500;\">Victoria &amp; Albert Museum<\/p>\n<p style=\"font-weight: 500;\"><a href=\"http:\/\/www.vam.ac.uk\/\">http:\/\/www.vam.ac.uk\/<\/a><\/p>\n<p style=\"font-weight: 500;\"><a href=\"http:\/\/www.courtauld.ac.uk\/\">http:\/\/www.courtauld.ac.uk<\/a><\/p>\n<p style=\"font-weight: 500;\"><a href=\"http:\/\/www.barbican.org.uk\/\">Barbican Art Gallery<\/a><\/p>\n<p style=\"font-weight: 500;\">South London Gallery<\/p>\n<p style=\"font-weight: 500;\"><a href=\"http:\/\/www.southlondongallery.org\/\">http:\/\/www.southlondongallery.org\/<\/a><\/p>\n<p style=\"font-weight: 500;\">Camden Arts Centre<\/p>\n<p style=\"font-weight: 500;\"><a href=\"http:\/\/www.camdenartscentre.org\/\">http:\/\/www.camdenartscentre.org\/<\/a><\/p>\n<p style=\"font-weight: 500;\"><a href=\"https:\/\/thephotographersgallery.org.uk\">The Photographers Gallery<\/a><\/p>\n<p style=\"font-weight: 500;\"><a href=\"http:\/\/www.estorickcollection.com\/\">Estorick Collection<\/a><\/p>\n<p style=\"font-weight: 500;\"><a href=\"http:\/\/www.soane.org\/\">John Soane Museum<\/a><\/p>\n<p style=\"font-weight: 500;\"><a href=\"http:\/\/www.wellcomecollection.org\/\">Wellcome collection<\/a> (centre culturel, Euston)<\/p>\n<h2 style=\"font-weight: 500;\">Manchester<\/h2>\n<p style=\"font-weight: 500;\"><a href=\"http:\/\/www.cornerhouse.org\/\">Cornerhouse<\/a><\/p>\n<h2 style=\"font-weight: 500;\">Newcastle<\/h2>\n<p style=\"font-weight: 500;\">Baltic<\/p>\n<p style=\"font-weight: 500;\"><a href=\"http:\/\/www.balticmill.com\/\">http:\/\/www.balticmill.com<\/a><\/p>\n<p style=\"font-weight: 500;\">Pour trouver des renseignements sur 2&rsquo;500 mus\u00e9es, lieux d&rsquo;expositions et monuments au Royaume-Uni, il faut consulter:<\/p>\n<p style=\"font-weight: 500;\"><a href=\"http:\/\/www.24hourmuseum.org.uk\/index.html\">http:\/\/www.24hourmuseum.org.uk\/index.html<\/a><\/p>\n<p style=\"font-weight: 500;\">Oxford<\/p>\n<p style=\"font-weight: 500;\"><a href=\"http:\/\/www.modernartoxford.org.uk\/\">Modern Art<\/a><\/p>\n<hr \/>\n<h2>Slovaquie<\/h2>\n<p>Bratislava<\/p>\n<p>Slovak National Gallery<\/p>\n<p>Space gallery<\/p>\n<p><a href=\"http:\/\/www.verejnypodstavec.com\/\" target=\"_blank\" rel=\"noopener noreferrer\">un groupe<\/a> d\u00e9veloppe des projets dans l&rsquo;espace public<\/p>\n<p><a href=\"http:\/\/www.stanica.sk\/?lang=en\" target=\"_blank\" rel=\"noopener noreferrer\">Zilina-Zariecie<\/a><\/p>\n<p>Kosice<\/p>\n<p><a href=\"http:\/\/www.huk.sk\/\" target=\"_blank\" rel=\"noopener noreferrer\">Kunsthalle<\/a><\/p>\n<hr \/>\n<h2>Slov\u00e9nie<\/h2>\n<p>Ljubljana<\/p>\n<p><a href=\"http:\/\/www.mg-lj.si\/\" target=\"_blank\" rel=\"noopener noreferrer\">Museum of contemporary Art<\/a><\/p>\n<hr \/>\n<h2>Su\u00e8de<\/h2>\n<p>G\u00f6teborg<\/p>\n<p>Stockholm<\/p>\n<p><a href=\"http:\/\/www.modernamuseet.se\/\" target=\"_blank\" rel=\"noopener noreferrer\">Moderna Museet<\/a><\/p>\n<p><a href=\"http:\/\/www.magasin3.com\/\" target=\"_blank\" rel=\"noopener noreferrer\">Magasin 3 Stockholm<\/a> Konsthall<\/p>\n<p><a href=\"http:\/\/www.nationalmuseum.se\/\" target=\"_blank\" rel=\"noopener noreferrer\">http:\/\/www.nationalmuseum.se\/<\/a><\/p>\n<p><a href=\"http:\/\/www.fargfabriken.se\/\" target=\"_blank\" rel=\"noopener noreferrer\">http:\/\/www.fargfabriken.se\/<\/a><\/p>\n<p><a href=\"http:\/\/www.liljevalchs.com\/\" target=\"_blank\" rel=\"noopener noreferrer\">http:\/\/www.liljevalchs.com\/<\/a><\/p>\n<p><a href=\"http:\/\/stockholmsmuseer.se\/\" target=\"_blank\" rel=\"noopener noreferrer\">http:\/\/stockholmsmuseer.se\/ <\/a>(recense les 68 mus\u00e9es de Stockholm)<\/p>\n<hr \/>\n<h3>Tch\u00e9quie<\/h3>\n<p><span style=\"color: #993300;\">Prague<\/span><\/p>\n<p><a href=\"http:\/\/www.ngprague.cz\/\">Galeries nationales <\/a>de Prague<\/p>\n<p><a href=\"http:\/\/www.ghmp.cz\/\" target=\"_blank\" rel=\"noopener noreferrer\">Galeries de la ville<\/a> de Prague ( Maison \u00e0 la bague d&rsquo;or; biblioth\u00e8que municipale)<\/p>\n<p><a href=\"http:\/\/www.museumkampa.cz\/\" target=\"_blank\" rel=\"noopener noreferrer\">Museum Kampa<\/a><\/p>\n<p>Mus\u00e9e <a href=\"http:\/\/www.mucha.cz\/\" target=\"_blank\" rel=\"noopener noreferrer\">Mucha<\/a><\/p>\n","protected":false},"excerpt":{"rendered":"<p>Agenda international, s\u00e9lection, utilisez les liens pour v\u00e9rifier le programme et les heures d&rsquo;ouverture. ALLEMAGNE Berlin Biennale de Berlin Akademie der K\u00fcnste Staatliche Museen zu Berlin Gem\u00e4ldegalerie Neue Nationalgalerie Alte Nationalgalerie Hamburger Bahnhof, Museum f\u00fcr Gegenwart &#8211; Berlin Martin-Gropius Bau Bielefeld Kunsthalle Kunstverein Bonn Kunst- und Ausstellungshalle der Bundesrepublik Deutschland www.bundeskunsthalle.de Cologne Museum Ludwig Wallraf [&hellip;]<\/p>\n","protected":false},"author":1,"featured_media":0,"parent":0,"menu_order":0,"comment_status":"closed","ping_status":"closed","template":"","meta":{"jetpack_post_was_ever_published":false,"footnotes":""},"class_list":["post-1895","page","type-page","status-publish","hentry"],"jetpack_sharing_enabled":true,"jetpack_shortlink":"https:\/\/wp.me\/P5k6Rq-uz","jetpack_likes_enabled":true,"_links":{"self":[{"href":"https:\/\/www.art-en-jeu.ch\/home_wp\/wp-json\/wp\/v2\/pages\/1895","targetHints":{"allow":["GET"]}}],"collection":[{"href":"https:\/\/www.art-en-jeu.ch\/home_wp\/wp-json\/wp\/v2\/pages"}],"about":[{"href":"https:\/\/www.art-en-jeu.ch\/home_wp\/wp-json\/wp\/v2\/types\/page"}],"author":[{"embeddable":true,"href":"https:\/\/www.art-en-jeu.ch\/home_wp\/wp-json\/wp\/v2\/users\/1"}],"replies":[{"embeddable":true,"href":"https:\/\/www.art-en-jeu.ch\/home_wp\/wp-json\/wp\/v2\/comments?post=1895"}],"version-history":[{"count":405,"href":"https:\/\/www.art-en-jeu.ch\/home_wp\/wp-json\/wp\/v2\/pages\/1895\/revisions"}],"predecessor-version":[{"id":5694,"href":"https:\/\/www.art-en-jeu.ch\/home_wp\/wp-json\/wp\/v2\/pages\/1895\/revisions\/5694"}],"wp:attachment":[{"href":"https:\/\/www.art-en-jeu.ch\/home_wp\/wp-json\/wp\/v2\/media?parent=1895"}],"curies":[{"name":"wp","href":"https:\/\/api.w.org\/{rel}","templated":true}]}}