{"id":271,"date":"2014-10-30T16:59:16","date_gmt":"2014-10-30T15:59:16","guid":{"rendered":"http:\/\/www.art-en-jeu.ch\/home_wp\/?page_id=271"},"modified":"2024-11-25T22:10:51","modified_gmt":"2024-11-25T21:10:51","slug":"liste-des-artistes-mentionnes","status":"publish","type":"page","link":"https:\/\/www.art-en-jeu.ch\/home_wp\/liste-des-artistes-mentionnes\/","title":{"rendered":"Liste des artistes mentionn\u00e9s"},"content":{"rendered":"<table border=\"1\" width=\"260\" cellspacing=\"2\" cellpadding=\"0\">\n<tbody>\n<tr>\n<td>a<\/td>\n<td>b<\/td>\n<td>c<\/td>\n<td>d<\/td>\n<td>e<\/td>\n<td>f<\/td>\n<td>g<\/td>\n<td>h<\/td>\n<td>i<\/td>\n<td>j<\/td>\n<td>k<\/td>\n<td>l<\/td>\n<td>m<\/td>\n<\/tr>\n<tr>\n<td>n<\/td>\n<td>o<\/td>\n<td>p<\/td>\n<td>q<\/td>\n<td>r<\/td>\n<td>s<\/td>\n<td>t<\/td>\n<td>u<\/td>\n<td>v<\/td>\n<td>w<\/td>\n<td>x<\/td>\n<td>y<\/td>\n<td>z<\/td>\n<\/tr>\n<\/tbody>\n<\/table>\n<hr \/>\n<p>Liste par artistes, plus de 220 (111 WP)<\/p>\n<p style=\"font-weight: 500;\"><span class=\"Apple-style-span\">Y\u00fcksel\u00a0<a href=\"https:\/\/www.art-en-jeu.ch\/home_wp\/jean-dubuffet\/\">Arslan\u00a0<\/a>Zurich 29 02 12 (WP)<\/span><\/p>\n<p style=\"font-weight: 500;\"><a href=\"https:\/\/www.art-en-jeu.ch\/home_wp\/kai-althof\/\">Kai Althoff\u00a0<\/a>Zurich 10 11 07 (WP)<\/p>\n<p style=\"font-weight: 500;\"><a href=\"http:\/\/www.art-en-jeu.ch\/expositions\/thomashuber.html\">John M. Armleder\u00a0<\/a>12 11 06 Gen\u00e8ve<\/p>\n<p style=\"font-weight: 500;\"><a href=\"https:\/\/wp.me\/p5k6Rq-Qx\">Francis Alys\u00a0<\/a>2006 B\u00e2le (WP)<\/p>\n<p style=\"font-weight: 500;\"><a href=\"http:\/\/www.art-en-jeu.ch\/expositions\/coryarcangel.html\">Cory Arcangel\u00a0<\/a>03 04 05 Zurich<\/p>\n<p style=\"font-weight: 500;\">\u00a0<a href=\"http:\/\/www.art-en-jeu.ch\/expositions\/Eija-ahtila.html\">Eija-Liisa Ahtila<\/a>, Real characters, invented worlds Londres,\u00a0<span class=\"Apple-style-span\">23 05 02<\/span><\/p>\n<p style=\"font-weight: 500;\">\u00a0<a href=\"https:\/\/www.art-en-jeu.ch\/home_wp\/doug-aitken\/\">Doug Aitken<\/a>\u00a0, New Ocean, Londres, Serpentine Gallery,\u00a0<span class=\"Apple-style-span\">26 11 01;\u00a0<\/span> Zurich 2003 (WP)<\/p>\n<p><a href=\"https:\/\/www.art-en-jeu.ch\/home_wp\/sophie-taeuber-arp,-jean-arp,-kurt-schwitters\/\">Schwitters- Arp<\/a> B\u00e2le, 2004 (WP)<\/p>\n<p style=\"font-weight: 500;\"><a href=\"http:\/\/www.art-en-jeu.ch\/entretiens\/augsburger.html\">Entretien avec Claude Augsburger<\/a>\u00a012 10 04<\/p>\n<hr \/>\n<p style=\"font-weight: 500;\"><a href=\"https:\/\/www.art-en-jeu.ch\/home_wp\/marius-borgeaud\/\">Marius Borgeaud<\/a> Lausanne 16 juillet 2015 (WP)<\/p>\n<p style=\"font-weight: 500;\"><a href=\"https:\/\/www.art-en-jeu.ch\/home_wp\/pierre-bonnard\/\">Georges Braque<\/a>, Paris 17 d\u00e9cembre 2013 (WP)<\/p>\n<p style=\"font-weight: 500;\"><span class=\"Apple-style-span\"><a href=\"https:\/\/wp.me\/p5k6Rq-14m\">Marc Bauer<\/a>, Paris 13 mars 2013, Pully 2012 (WP)<\/span><\/p>\n<p style=\"font-weight: 500;\"><a href=\"http:\/\/www.art-en-jeu.ch\/expositions\/raetz.html\">Daniel Buren<\/a>\u00a0Paris 16 05 12<\/p>\n<p><a href=\"https:\/\/wp.me\/p5k6Rq-UH\">Hans Bellmer<\/a>\u00a02006, 2012<\/p>\n<p style=\"font-weight: 500;\"><a title=\"Pierre Bonnard\" href=\"https:\/\/www.art-en-jeu.ch\/home_wp\/pierre-bonnard\/\">Pierre Bonnard<\/a>, Paris 20 04 2015, B\u00e2le 29 01 12,\u00a0Paris, 2006\u00a0(WP)<\/p>\n<p style=\"font-weight: 500;\"><em><a href=\"http:\/\/www.art-en-jeu.ch\/expositions\/expos16-19\/eugeneburnand.html\">Edward Burne- Jones\u00a0<\/a>Berne 29 03 10<\/em><\/p>\n<p style=\"font-weight: 500;\"><a href=\"http:\/\/wp.me\/p5k6Rq-qv\">Teresa Hubbard &amp; Alexander Birchler<\/a>, Aarau 5 10 09\u00a0(WP)<\/p>\n<p style=\"font-weight: 500;\"><a href=\"https:\/\/www.art-en-jeu.ch\/home_wp\/christian-boltanski\/\">Christian Boltanski<\/a>, Vaduz 29 07 09 (WP)<\/p>\n<p style=\"font-weight: 500;\"><a href=\"http:\/\/wp.me\/p5k6Rq-tq\">Balthus\u00a0<\/a>Martigny 02 07 08, Riehen 1er septembre 2018 (WP)<\/p>\n<p style=\"font-weight: 500;\"><a href=\"https:\/\/www.art-en-jeu.ch\/home_wp\/max-bill\/\">Max Bill,<\/a> Winterthour 19 01 08<\/p>\n<p style=\"font-weight: 500;\"><a href=\"http:\/\/www.art-en-jeu.ch\/expositions\/victor.burgin.html\">Victor Burgin<\/a>\u00a0Gen\u00e8ve 12 11 07<\/p>\n<p style=\"font-weight: 500;\"><a href=\"https:\/\/www.art-en-jeu.ch\/home_wp\/georg-baselitz\/\">Georg Baselitz<\/a><a href=\"http:\/\/www.art-en-jeu.ch\/expositions\/perkirkeby.html\">\u00a0<\/a>Lausanne 14 07 06; Londres 2007, B\u00e2le 20 01 2018 (WP)<\/p>\n<p style=\"font-weight: 500;\"><a href=\"http:\/\/www.art-en-jeu.ch\/expositions\/burland.html\">Fran\u00e7ois Burland\u00a0<\/a>Fribourg 4 06 06<\/p>\n<p style=\"font-weight: 500;\"><a href=\"http:\/\/www.art-en-jeu.ch\/expositions\/maxbeckmann.html\">Max Beckmann\u00a0<\/a>Berne 12 05 06; B\u00e2le 2011<\/p>\n<p style=\"font-weight: 500;\"><a href=\"http:\/\/www.art-en-jeu.ch\/expositions\/expos16-19\/charlesgleyre.html\">Fran\u00e7ois Bocion\u00a0<\/a>Vevey 24 10 06<\/p>\n<p style=\"font-weight: 500;\">13 10 05 Lausanne\u00a0<a href=\"https:\/\/www.art-en-jeu.ch\/home_wp\/alice-bailly\/\">Alice Bailly <\/a>(WP)<\/p>\n<p style=\"font-weight: 500;\"><a href=\"http:\/\/www.art-en-jeu.ch\/expositions\/barraud.html\">Fran\u00e7ois Barraud<\/a>\u00a0et ses fr\u00e8res Winterthour<\/p>\n<p style=\"font-weight: 500;\"><a href=\"https:\/\/www.art-en-jeu.ch\/home_wp\/francis-bacon\/\">Francis Bacon <\/a>; B\u00e2le, Riehen 29 avril 2018; 28 11 2016, Stuttgart;\u00a07 02 04 B\u00e2le;\u00a0Bacon\u00a0&#8211; Picasso, Paris 2005;\u00a0<a href=\"https:\/\/www.art-en-jeu.ch\/home_wp\/francis-bacon\/\">Francis Bacon<\/a>, Londres 2009\u00a0(WP)<\/p>\n<p style=\"font-weight: 500;\">23 08 02. Entretien avec <a href=\"https:\/\/www.art-en-jeu.ch\/home_wp\/stephane-banz-1961---2021\">Stefan Banz<\/a> \u00e0 propos de l&rsquo;exposition The Island \u00e0 l&rsquo;Espace la Plage \u00e0 Neuch\u00e2tel.\u00a0Version fran\u00e7aise. (WP)<\/p>\n<p style=\"font-weight: 500;\">23 11 01\u00a0<a href=\"http:\/\/www.art-en-jeu.ch\/expositions\/billingham.html\">Richard Billingham<\/a>, Londres, Tate Britain<\/p>\n<p style=\"font-weight: 500;\">21 05 01, B\u00e2le:\u00a0<a href=\"http:\/\/www.art-en-jeu.ch\/expositions\/expos16-19\/charlesgleyre.html\">Arnold B\u00f6cklin<\/a><\/p>\n<p style=\"font-weight: 500;\"><a href=\"https:\/\/www.art-en-jeu.ch\/home_wp\/louise-bourgeois\/\">Louise Bourgeois<\/a>\u00a008 01 03, 2007, 2010 (WP)<\/p>\n<p style=\"font-weight: 500;\">13 11 01\u00a0<a href=\"https:\/\/www.art-en-jeu.ch\/home_wp\/louise-breslau-1856-1927\/\">Louise Breslau\u00a0<\/a>au mus\u00e9e des beaux-arts de Lausanne<\/p>\n<p style=\"font-weight: 500;\">Eug\u00e8ne\u00a0<a href=\"http:\/\/www.art-en-jeu.ch\/expositions\/expos16-19\/eugeneburnand.html\">Burnand. Peintre naturaliste<\/a>\u00a024 03 04 Lausanne<\/p>\n<p style=\"font-weight: 500;\"><a href=\"http:\/\/www.art-en-jeu.ch\/expositions\/expos16-19\/eugeneburnand.html\">Bieler<\/a>, r\u00e9alit\u00e9 r\u00eav\u00e9e, Berne 24 juillet 2011<\/p>\n<hr \/>\n<p><a href=\"https:\/\/wp.me\/p5k6Rq-Mg\">Miriam Cahn<\/a> Berne 7 mars 2019 (WP)<\/p>\n<p style=\"font-weight: 500;\"><a href=\"https:\/\/www.art-en-jeu.ch\/home_wp\/maurizio-cattelan\/\">Maurizio Cattelan<\/a> Paris, 6 d\u00e9cembre 2016\u00a0(WP)<\/p>\n<p style=\"font-weight: 500;\"><a href=\"http:\/\/www.art-en-jeu.ch\/expositions\/terencekoh.html\">Paul Chan<\/a>, B\u00e2le, M\u00fcnchenstein 15 04 14<\/p>\n<p style=\"font-weight: 500;\">Claudia\u00a0<a href=\"http:\/\/www.art-en-jeu.ch\/expositions\/jfschnyder.html\">Comte<\/a>\u00a0Fribourg 23 02 13<\/p>\n<p style=\"font-weight: 500;\"><a href=\"http:\/\/www.art-en-jeu.ch\/expositions\/adrianpaci.html\">Mircea Cantor<\/a>\u00a0Paris 30 novembre 2012<\/p>\n<p style=\"font-weight: 500;\"><a href=\"https:\/\/www.art-en-jeu.ch\/home_wp\/camille-corot\/\">Camille Corot,<\/a> Gen\u00e8ve 2011, Paris 2018 (WP)<\/p>\n<p style=\"font-weight: 500;\">Com &amp;<a href=\"http:\/\/www.art-en-jeu.ch\/expositions\/yvesnetzhammer.html\">\u00a0Com. Bienne 17 01 10<\/a><\/p>\n<p style=\"font-weight: 500;\"><a href=\"http:\/\/www.art-en-jeu.ch\/expositions\/maxbeckmann.html\">Lovis Corinth<\/a>, Paris 28 05 08<\/p>\n<p style=\"font-weight: 500;\"><a href=\"https:\/\/www.art-en-jeu.ch\/home_wp\/?p=255\">Gustave Courbet,\u00a0<\/a>Paris 29 01 08, Gen\u00e8ve, Riehen octobre 2014\u00a0(WP)<\/p>\n<p style=\"font-weight: 500;\"><a href=\"http:\/\/www.art-en-jeu.ch\/expositions\/barraud.html\">Albert Chavaz,\u00a0<\/a>Martigny 9 12 07<\/p>\n<p style=\"font-weight: 500;\"><a href=\"http:\/\/www.art-en-jeu.ch\/expositions\/Edwardsteichen.html\">Cartier-Bresson<\/a>\u00a0Lausanne 12 02 05<\/p>\n<p style=\"font-weight: 500;\"><a href=\"https:\/\/wp.me\/p5k6Rq-Ra\">Sophie Calle\u00a0<\/a>8 12 03 Paris (WP)<\/p>\n<p style=\"font-weight: 500;\"><a href=\"https:\/\/www.art-en-jeu.ch\/home_wp\/expositions-miro\/\">Calder et Miro\u00a0<\/a>01 05 04 B\u00e2le\u00a0(WP)<\/p>\n<p style=\"font-weight: 500;\">07 06 03 Entretien avec le photographe lausannois\u00a0<a href=\"http:\/\/www.art-en-jeu.ch\/entretiens\/olivierchristinat.html\">Olivier Christinat<\/a><\/p>\n<p style=\"font-weight: 500;\"><a href=\"http:\/\/www.art-en-jeu.ch\/expositions\/chapallaz.html\">Edouard Chapallaz\u00a0<\/a>16 09 04<\/p>\n<hr \/>\n<p><a href=\"https:\/\/wp.me\/p5k6Rq-hz\">Robert Delaunay<\/a>, Zurich, 17 septembre 2018 (WP)<\/p>\n<p style=\"font-weight: 500;\"><a href=\"https:\/\/www.art-en-jeu.ch\/home_wp\/jean-dubuffet\/\">Jean Dubuffet<\/a>, Riehen f\u00e9vrier 2016\u00a0(WP)<\/p>\n<p style=\"font-weight: 500;\"><a title=\"Peter Doig\" href=\"https:\/\/www.art-en-jeu.ch\/home_wp\/peter-doig\/\">Peter Doig<\/a>, Riehen, novembre 2014\u00a0(WP)<\/p>\n<p style=\"font-weight: 500;\"><a href=\"https:\/\/www.art-en-jeu.ch\/home_wp\/silvie-defraoui\/\">Silvie Defraoui<\/a>, Soleure 28 juin 2014, 12 mars 2023<\/p>\n<p style=\"font-weight: 500;\"><a href=\"http:\/\/www.art-en-jeu.ch\/expositions\/yvesnetzhammer.html\">Mauricio Dias<\/a>\u00a0&amp;\u00a0<a href=\"http:\/\/www.art-en-jeu.ch\/expositions\/yvesnetzhammer.html\">Walter Riedweg<\/a>, Lucerne 20 avril 2014<\/p>\n<p style=\"font-weight: 500;\"><a href=\"http:\/\/www.art-en-jeu.ch\/expositions\/expos16-19\/charlesgleyre.html\">Gustave Dor<\/a>\u00e9 , Paris 19 mars 2014<\/p>\n<p style=\"font-weight: 500;\"><a href=\"https:\/\/wp.me\/p5k6Rq-Tx\">Salvador Dali<\/a>, Paris 27 novembre 2012<\/p>\n<p style=\"font-weight: 500;\"><a href=\"https:\/\/www.art-en-jeu.ch\/home_wp\/edgar-degas\/\">Degas\u00a0<\/a>et le nu, Paris, 2012; Picasso &#8211; Degas, Barcelone, 2010, L&rsquo;impressionnisme et la mode 2013 (WP)<\/p>\n<p style=\"font-weight: 500;\">20 04 01, Berne:<a href=\"http:\/\/www.art-en-jeu.ch\/expositions\/Eija-ahtila.html\">\u00a0Anne Katrine Dolven<\/a><\/p>\n<p style=\"font-weight: 500;\"><a href=\"https:\/\/www.art-en-jeu.ch\/home_wp\/arts-et-cinema\/\">Marcel Duchamp<\/a>\u00a0au Mus\u00e9e Tinguely \u00e0 B\u00e2le<\/p>\n<p style=\"font-weight: 500;\">Andr\u00e9\u00a0<a href=\"http:\/\/wp.me\/p5k6Rq-tq\">Derain<\/a>\u00a015 03 03 Lausanne, Paris juin 2017 et 7 novembre 2017 \u00a0(WP)<\/p>\n<p style=\"font-weight: 500;\"><a href=\"http:\/\/www.art-en-jeu.ch\/expositions\/christiandotremont.html\">Christian Dotremont<\/a>\u00a010 09 04<\/p>\n<p style=\"font-weight: 500;\"><a href=\"https:\/\/wp.me\/p5k6Rq-Qs\">Tacita Dean<\/a>\u00a0B\u00e2le 2006, Vienne 2011 (WP)<\/p>\n<p style=\"font-weight: 500;\"><a href=\"http:\/\/wp.me\/p5k6Rq-sZ\">Martin Disler\u00a0<\/a>Aarau 24 02 07\u00a0(WP)<\/p>\n<hr \/>\n<p><span style=\"font-size: small;\"><a href=\"https:\/\/www.art-en-jeu.ch\/home_wp\/carol-rama\/\">Tracey Emin<\/a>\u00a020 years, Berne 20 mars 2009\u00a0(WP)<\/span><\/p>\n<p><span style=\"font-size: small;\"><a href=\"https:\/\/www.art-en-jeu.ch\/home_wp\/arts-et-cinema\/\">Max Ernst.<\/a> B\u00e2le 31 10 07, 9 06 13<\/span><\/p>\n<p><span style=\"font-size: small;\"><a href=\"https:\/\/wp.me\/p5k6Rq-Ql\">Olafur Eliasson,<\/a> The Weather Project. 06 11 03 Londres (WP)<\/span><\/p>\n<p><a href=\"https:\/\/wp.me\/p5k6Rq-R0\">Andreas Eriksson,<\/a> Bienne, juillet 2014 (WP)<\/p>\n<hr \/>\n<p style=\"font-weight: 500;\"><a href=\"http:\/\/www.art-en-jeu.ch\/expositions\/thomashuber.html\">Helmut Federle<\/a>, Lucerne 26 d\u00e9cembre 2012<\/p>\n<p style=\"font-weight: 500;\">Val\u00e9r<a href=\"https:\/\/www.art-en-jeu.ch\/home_wp\/valerie-favre\">ie Favre. Visions<\/a>. Neuch\u00e2tel 30 12 17, 20 12 09 Lucerne (WP)<\/p>\n<p style=\"font-weight: 500;\"><a href=\"http:\/\/wp.me\/p5k6Rq-i2\">Fischli<\/a>\u00a0&amp;\u00a0<a href=\"http:\/\/wp.me\/p5k6Rq-i2\">Weiss<\/a>\u00a022 11 06 Londres, Riehen 2016\u00a0(WP)<\/p>\n<p style=\"font-weight: 500;\"><a href=\"http:\/\/wp.me\/p5k6Rq-if\">Dan Flavin\u00a0<\/a>Paris 20 06 06\u00a0(WP)<\/p>\n<p style=\"font-weight: 500;\"><a href=\"http:\/\/www.art-en-jeu.ch\/expositions\/burland.html\">Nicolas Faure<\/a>\u00a0Lausanne 20 d\u00e9cembre 05<\/p>\n<p style=\"font-weight: 500;\">\u00a0<a href=\"https:\/\/wp.me\/p5k6Rq-Vs\">Philippe Fretz <\/a>\u00a019 11 2019,\u00a030 10 03 entretien.<\/p>\n<p style=\"font-weight: 500;\">12 06 03\u00a0<a href=\"http:\/\/www.art-en-jeu.ch\/entretiens\/artfiction.html\">un entretien par courriel<\/a>\u00a0avec St\u00e9phane Fretz et Christian Pellet, cr\u00e9ateurs et responsables des \u00e9ditions\u00a0<em>art&amp;fiction.<\/em><\/p>\n<p style=\"font-weight: 500;\">16 10 02. Entretien avec St\u00e9phane\u00a0<a href=\"http:\/\/www.art-en-jeu.ch\/entretiens\/sfretz.html\">Fretz\u00a0<\/a>\u00e0 propos de Manet et l&rsquo;espagnolisme.<\/p>\n<p style=\"font-weight: 500;\">27 09 02\u00a0<a href=\"http:\/\/www.art-en-jeu.ch\/expositions\/lucianfreud.html\">Lucian Freud\u00a0<\/a>Londres<\/p>\n<p style=\"font-weight: 500;\"><a href=\"https:\/\/www.art-en-jeu.ch\/home_wp\/johann-heinrich-fussli\/\">Johann Heinrich\u00a0F<\/a>\u00fcssli Zurich 20 10 05(WP)<\/p>\n<p style=\"font-weight: 500;\"><a href=\"http:\/\/www.art-en-jeu.ch\/expositions\/hamishfulton.html\">Hamish Fulton\u00a0<\/a>Haus konstruktiv Zurich 19 04 04<\/p>\n<p style=\"font-weight: 500;\"><a href=\"http:\/\/www.art-en-jeu.ch\/expositions\/thomashuber.html\">Urs Fischer<\/a>, Kir Royal Zurich 17 08 04<\/p>\n<hr \/>\n<p><a href=\"https:\/\/www.art-en-jeu.ch\/home_wp\/clare-goodwin\/\" target=\"_blank\" rel=\"noopener noreferrer\">Clare Goodwin<\/a>, Bienne 13 02 2016\u00a0(WP)<\/p>\n<p><a href=\"https:\/\/www.art-en-jeu.ch\/home_wp\/subodh-gupta\/\"><span style=\"font-size: small;\">Subodh Gupta<\/span><\/a><span style=\"font-size: small;\">,<\/span>\u00a0<span style=\"font-size: small;\">Thoune 4 avril 2013, Paris 2018 (WP)<\/span><\/p>\n<p><span style=\"font-size: small;\">J\u00e9r\u00e9mie\u00a0<a href=\"http:\/\/www.art-en-jeu.ch\/expositions\/jfschnyder.html\">Gindre<\/a>, Fribourg 23 02 13<\/span><\/p>\n<p><span style=\"font-size: small;\">Paul<a title=\"Paul Gauguin\" href=\"https:\/\/www.art-en-jeu.ch\/home_wp\/paul-gauguin\/\">\u00a0Gauguin,<\/a><a href=\"http:\/\/www.art-en-jeu.ch\/expositions\/expos16-19\/gauguin.html\">\u00a0<\/a>Londres 20 octobre 2010, Zurich, 2012, Riehen, B\u00e2le 2015, Paris 2017\u00a0(WP)<\/span><\/p>\n<p><a href=\"https:\/\/www.art-en-jeu.ch\/home_wp\/alberto-giacometti\/\"><span style=\"font-size: small;\">Giovanni Giacometti 5 11 09 Berne\u00a0(WP)<\/span><\/a><\/p>\n<p><span style=\"font-size: small;\"><a href=\"https:\/\/www.art-en-jeu.ch\/home_wp\/anthony-gormley\/\">Anthony Gormley,<\/a> Bregenz 29 juillet 2009<\/span><\/p>\n<p><span style=\"font-size: small;\">Herv\u00e9\u00a0<a href=\"http:\/\/www.art-en-jeu.ch\/expositions\/yvesnetzhammer.html\">Graumann.\u00a0<\/a>Bienne 4 04 07<\/span><\/p>\n<p><span style=\"font-size: small;\"><a href=\"http:\/\/wp.me\/p5k6Rq-hM\">Charles Gleyre\u00a0<\/a>7 10 06 Lausanne, Paris 23 05 2016\u00a0(WP)<\/span><\/p>\n<p><span style=\"font-size: small;\"><i><a href=\"https:\/\/wp.me\/p5k6Rq-Jr\">Jean-Luc Godard\u00a0<\/a>, <\/i>Lausanne 2<i>6 11 18,\u00a0<\/i>Paris 20 06 06 (WP)<\/span><\/p>\n<p><span style=\"font-size: small;\">22 01 02 Michael Peppiatt \u00e0 propos de l&rsquo;exposition Alberto\u00a0<a href=\"http:\/\/www.art-en-jeu.ch\/entretiens\/peppiatt-giacometti.html\">Giacometti<\/a>\u00a0(<a href=\"http:\/\/www.art-en-jeu.ch\/entretiens\/peppiatt-giacometti.fr.html\">version fran\u00e7aise<\/a>) \u00e0 la Fondation de l&rsquo;Hermitage \u00e0 Lausanne<\/span><\/p>\n<p><span style=\"font-size: small;\"><a href=\"https:\/\/www.art-en-jeu.ch\/home_wp\/alberto-giacometti\/\">Alberto Giacometti,<\/a> Gen\u00e8ve 2009, Zurich 2009, Riehen 2009, Paris, 2008\u00a0(WP)<\/span><\/p>\n<p><span style=\"font-size: small;\">12 12 02\u00a0<a href=\"http:\/\/www.art-en-jeu.ch\/expositions\/DouglasGordon.html\">Douglas Gordon<\/a>\u00a0Londres<\/span><\/p>\n<p><span style=\"font-size: small;\">14 01 02\u00a0<a href=\"http:\/\/wp.me\/p5k6Rq-tc\">Mireille Gros<\/a>\u00a0. \u00e9mergence au mus\u00e9e Jenisch \u00e0 Vevey, B\u00e2le 2017 \u00a0(WP)<\/span><\/p>\n<p><span style=\"font-size: small;\">12 03 02\u00a0<a href=\"http:\/\/www.art-en-jeu.ch\/expositions\/andreasgursky.html\">Andreas Gursky<\/a><\/span><\/p>\n<hr \/>\n<p><a href=\"http:\/\/wp.me\/p5k6Rq-sT\">David Hockney<\/a>, Paris 8 juillet 2017\u00a0(WP)<\/p>\n<p style=\"font-weight: 500;\">Abraham\u00a0<a href=\"http:\/\/www.art-en-jeu.ch\/expositions\/expos16-19\/eugeneburnand.html\">Hermanjat<\/a>, Nyon 22 05 12<\/p>\n<p style=\"font-weight: 500;\"><a href=\"http:\/\/www.art-en-jeu.ch\/expositions\/hiller.html\">Jenny Holzer 5 11 09<\/a><\/p>\n<p style=\"font-weight: 500;\"><a href=\"http:\/\/wp.me\/p5k6Rq-qv\">Teresa Hubbard<\/a><a href=\"http:\/\/www.art-en-jeu.ch\/expositions\/jfschnyder.html\">\u00a0<\/a>&amp;\u00a0<a href=\"http:\/\/wp.me\/p5k6Rq-qv\">Alexander Birchler<\/a>, Aarau 5 10 09\u00a0(WP)<\/p>\n<p><a href=\"https:\/\/www.art-en-jeu.ch\/home_wp\/herzog-et-de-meuron\/\">Herzog et de Meuron <\/a>B\u00e2le 18 08 04 (WP)<\/p>\n<p style=\"font-weight: 500;\"><a href=\"https:\/\/www.art-en-jeu.ch\/home_wp\/alfredo-haberli\/\">Alfredo\u00a0H<\/a>\u00e4berli Zurich 09 07 08 (WP)<\/p>\n<p style=\"font-weight: 500;\"><a href=\"https:\/\/www.art-en-jeu.ch\/home_wp\/expositions-ferdinand-hodler\/\">Ferdinand Hodler,<\/a> Paris 29 01 08, Berne 08, Riehen 2012, Zurich 23 septembre 2014 (WP)<\/p>\n<p style=\"font-weight: 500;\"><a href=\"http:\/\/www.art-en-jeu.ch\/expositions\/carstenholler.html\">Carsten H<\/a>\u00f6ller 23 11 2006 Londres<\/p>\n<p style=\"font-weight: 500;\"><a href=\"http:\/\/www.art-en-jeu.ch\/expositions\/expos16-19\/holbein.html\">William Hogarth<\/a>\u00a022 10 06 Paris<\/p>\n<p style=\"font-weight: 500;\"><a href=\"https:\/\/www.art-en-jeu.ch\/home_wp\/peinture-allemande-15e-16e-siecle-holbein\/\">Hans Holbein\u00a0<\/a>B\u00e2le 2006<\/p>\n<p style=\"font-weight: 500;\"><a href=\"http:\/\/www.art-en-jeu.ch\/expositions\/hiller.html\">Susan Hiller<\/a>\u00a0B\u00e2le 25 02 05<\/p>\n<p style=\"font-weight: 500;\"><a href=\"http:\/\/wp.me\/p5k6Rq-if\">Damien Hirst<\/a> Londres 2004 , Venise 2017\u00a0(WP)<\/p>\n<p style=\"font-weight: 500;\">A propos de l&rsquo;<a href=\"http:\/\/www.art-en-jeu.ch\/expositions\/collage.html\">exposition Hirschhorn<\/a>\u00a0\u00e0 Paris<\/p>\n<p style=\"font-weight: 500;\">03 09 01, Zurich\u00a0<a href=\"https:\/\/wp.me\/p5k6Rq-NY\">Thomas Hirschhorn<\/a> (WP)<\/p>\n<p style=\"font-weight: 500;\">16 04 02\u00a0<a href=\"http:\/\/www.art-en-jeu.ch\/expositions\/Eija-ahtila.html\">Tragedy,<\/a>\u00a0<a href=\"http:\/\/www.art-en-jeu.ch\/expositions\/Eija-ahtila.html\">Mathilde ter Heijne<\/a>. Migrosmuseum, Zurich<\/p>\n<p style=\"font-weight: 500;\">18 11 03 Entretien avec\u00a0<a href=\"http:\/\/www.art-en-jeu.ch\/entretiens\/michelhuelin.html\">Michel Huelin<\/a><\/p>\n<p style=\"font-weight: 500;\"><a href=\"https:\/\/www.art-en-jeu.ch\/home_wp\/thomas-huber\/\">Thomas Huber<\/a>\u00a005 09 04 et 29 02 12 (WP)<\/p>\n<hr \/>\n<p style=\"font-weight: 500;\"><span class=\"Apple-style-span\">19 05 01, Lausanne:<a href=\"https:\/\/wp.me\/p5k6Rq-Mg\">\u00a0Leiko Ikemura<\/a>\u00a0&#8211; Les ann\u00e9es lumi\u00e8re (WP)<\/span><\/p>\n<hr \/>\n<p style=\"font-weight: 500;\">08 02 01,\u00a0Lausanne\u00a0:\u00a0<a href=\"http:\/\/www.art-en-jeu.ch\/expositions\/jawlenski.html\">Jawlenski en Suisse 1914-1921<\/a><\/p>\n<p style=\"font-weight: 500;\"><a href=\"https:\/\/www.art-en-jeu.ch\/home_wp\/jean-dubuffet\/\">Asger Jorn,<\/a>\u00a0Lausanne 05 08 12\u00a0(WP)<\/p>\n<p style=\"font-weight: 500;\"><a href=\"https:\/\/wp.me\/p5k6Rq-Kc\">Derek Jarman,<\/a> Zurich 01 09 08 (WP)<\/p>\n<p style=\"font-weight: 500;\"><a href=\"http:\/\/www.art-en-jeu.ch\/expositions\/alfredojaar.html\">Alfredo Jaar\u00a0<\/a>Lausanne<a href=\"http:\/\/www.art-en-jeu.ch\/expositions\/alfredojaar.html\">\u00a0<\/a>06 06 07<\/p>\n<p style=\"font-weight: 500;\"><a href=\"https:\/\/wp.me\/p5k6Rq-TR\">Jasper Johns<\/a>\u00a018 06 07 (WP)<\/p>\n<p style=\"font-weight: 500;\"><a href=\"http:\/\/www.art-en-jeu.ch\/expositions\/exposcollectives\/common%20wealth.html\">Julio Le Parc<\/a>\u00a0Zurich 2005<\/p>\n<p style=\"font-weight: 500;\"><a href=\"http:\/\/wp.me\/p5k6Rq-if\">Donald Judd\u00a0<\/a>02 10 04\u00a0(WP)<\/p>\n<hr \/>\n<p><a href=\"https:\/\/www.art-en-jeu.ch\/home_wp\/f-kupka\/\">Frantisek Kupka<\/a>, Paris 30 mars 2018 (WP)<\/p>\n<p><a href=\"https:\/\/www.art-en-jeu.ch\/home_wp\/william-kentridge\/\">William Kentridge<\/a> 29 11 2016\u00a0(WP)<\/p>\n<p><a href=\"https:\/\/www.art-en-jeu.ch\/home_wp\/jannis-kounellis\/\">Jannis Kounellis<\/a> 18 mars 2016\u00a0(WP)<\/p>\n<p><span class=\"Apple-style-span\"><a href=\"https:\/\/wp.me\/p5k6Rq-TR\">Alex Katz<\/a> (WP)<\/span><\/p>\n<p><span style=\"font-size: small;\"><a title=\"Jeff Koons\" href=\"https:\/\/www.art-en-jeu.ch\/home_wp\/jeff-koons\/\">Jeff Koons<\/a>\u00a0B\u00e2le 20 08 12 , Paris 2015\u00a0(WP)<\/span><\/p>\n<p><span class=\"Apple-style-span\"><a href=\"https:\/\/wp.me\/p5k6Rq-SI\">Gustav Klimt\u00a0&#8211; Josef<\/a> Hoffmann, Vienne 13 12 11 (WP)<\/span><\/p>\n<p><span style=\"font-size: small;\"><a href=\"https:\/\/www.art-en-jeu.ch\/home_wp\/expositions-paul-klee\/\">Kandinsky, <\/a>Paris 29 avril 2009\u00a0(WP)<\/span><\/p>\n<p><span style=\"font-size: small;\"><i><a href=\"https:\/\/www.art-en-jeu.ch\/home_wp\/oskar-kokoschka\/\">Kokoschka et la musique<\/a>\u00a0<\/i>Vevey 22 07 07, r\u00e9trospective Zurich 07 01 2019, Paris 2023 (WP)<\/span><\/p>\n<p><span style=\"font-size: small;\"><a href=\"http:\/\/www.art-en-jeu.ch\/expositions\/yvesklein.html\">Yves Klein\u00a0<\/a>22 10 06 Paris<\/span><\/p>\n<p><span style=\"font-size: small;\"><a href=\"https:\/\/wp.me\/p5k6Rq-R0\">Per Kirkeby<\/a>. Aarau 24 02 06 (WP)<\/span><\/p>\n<p><span style=\"font-size: small;\">4 10 02\u00a0<a href=\"http:\/\/wp.me\/p5k6Rq-if\">Ellsworth Kelly\u00a0<\/a>Lausanne\u00a0(WP)<\/span><\/p>\n<p><span style=\"font-size: small;\"><a href=\"http:\/\/wp.me\/p5k6Rq-hz\"><i>Ernst Ludwig Kirchner,\u00a0<\/i><\/a>24 10 03 B\u00e2le, Zurich 2017 \u00a0(WP)<\/span><\/p>\n<p><span style=\"font-size: small;\"><i><a href=\"https:\/\/www.art-en-jeu.ch\/home_wp\/expositions-paul-klee\/\">Paul Klee,<\/a>\u00a0l\u2019accomplissement de l\u2019\u0153uvre tardif<\/i>\u00a0, Fondation Beyeler Riehen 27 08 03;\u00a0<\/span><i><em><strong><span style=\"font-size: small;\">M\u00e9l<a href=\"https:\/\/www.art-en-jeu.ch\/home_wp\/expositions-paul-klee\/\">odie et rythme, 2006<\/a>; Paul Klee, l&rsquo;ironie \u00e0 l&rsquo;euvre, mai 2016.<\/span><\/strong><span style=\"font-size: small;\">Paul Klee la dimension abstraite, octobre 2017\u00a0(WP)<\/span><\/em><\/i><\/p>\n<hr \/>\n<p><a href=\"https:\/\/wp.me\/p5k6Rq-QQ\">Markus L\u00fcperz, Paris juillet 2015 (WP)<\/a><\/p>\n<p style=\"font-weight: 500;\"><a href=\"https:\/\/www.art-en-jeu.ch\/home_wp\/gerda-steiner-jorg-lenzlinger\/\">Gerda Steiner<\/a>\u00a0&amp; J\u00f6rg Lenzlinger, Coire 10 07 2013 (WP)<\/p>\n<p style=\"font-weight: 500;\"><a href=\"https:\/\/www.art-en-jeu.ch\/home_wp\/arts-et-cinema\/\">Fernand L<\/a>\u00e9ger, Riehen 05 06 08<\/p>\n<p style=\"font-weight: 500;\"><a href=\"http:\/\/www.art-en-jeu.ch\/expositions\/laib.html\">Wolfgang Laib\u00a0<\/a>B\u00e2le 25 11 05<\/p>\n<p style=\"font-weight: 500;\"><a href=\"https:\/\/wp.me\/p5k6Rq-U0\">Julio Le Parc<\/a>\u00a0Zurich 04 09 05 (WP)<\/p>\n<p style=\"font-weight: 500;\"><span class=\"Apple-style-span\"><a href=\"http:\/\/wp.me\/p5k6Rq-if\">Sarah Lucas<\/a>\u00a0Zurich 06 2005, Londres 2004\u00a0(WP)<\/span><\/p>\n<p style=\"font-weight: 500;\"><a href=\"http:\/\/www.art-en-jeu.ch\/expositions\/langlands.html\">Langlands &amp; Bell<\/a>\u00a0Londres 6 11 04<\/p>\n<p style=\"font-weight: 500;\"><a href=\"https:\/\/wp.me\/p5k6Rq-Fy\">Maria Lassnig<\/a>\u00a0, B\u00e2le 14 06 2018, 15 12 03 Zurich (WP)<\/p>\n<p style=\"font-weight: 500;\">D\u00e9cembre 00, Gen\u00e8ve:\u00a0<a href=\"http:\/\/www.art-en-jeu.ch\/expositions\/expos1.html\">La cr\u00e9ation du monde, Fernand L\u00e9ger et l\u2019art africain des collections Barbier-Mueller<\/a><\/p>\n<p style=\"font-weight: 500;\"><a href=\"https:\/\/www.art-en-jeu.ch\/home_wp\/le-corbusier\">Le Corbusier<\/a>\u00a014 03 06 (WP)<\/p>\n<p style=\"font-weight: 500;\"><a href=\"https:\/\/www.art-en-jeu.ch\/home_wp\/la-sculpture-suisse-bernard-luginbuhl\/\">Luginb<\/a>\u00fc<a href=\"https:\/\/www.art-en-jeu.ch\/home_wp\/la-sculpture-suisse-bernard-luginbuhl\/\">hl total\u00a019 09 03<\/a> B\u00e2le (WP)<\/p>\n<hr \/>\n<div class=\"Section1\">\n<p><span style=\"font-size: small;\"><em><a href=\"https:\/\/www.art-en-jeu.ch\/home_wp\/expositions-miro\/\">Miro P<\/a>o\u00e9sie et lumi\u00e8re<\/em>, Lausanne 4 07 13\u00a0(WP)<\/span><\/p>\n<p><span style=\"font-size: small;\"><a href=\"http:\/\/www.art-en-jeu.ch\/expositions\/raetz.html\">Fran\u00e7ois Morellet<\/a>, Paris 19 mai 2011<\/span><\/p>\n<p><span style=\"font-size: small;\"><a href=\"https:\/\/www.art-en-jeu.ch\/home_wp\/arts-et-cinema\/\">Eadweard Muybridge<\/a>, Londres 20 octobre 2010<\/span><\/p>\n<p><span style=\"font-size: small;\"><a href=\"https:\/\/www.art-en-jeu.ch\/home_wp\/henry-moore\/\">Henry Moore<\/a>,\u00a0<\/span><span style=\"font-size: small;\">Londres 24 10 07 (WP)<\/span><\/p>\n<p><span style=\"font-size: small;\"><a href=\"https:\/\/www.art-en-jeu.ch\/home_wp\/peinture-italienne-14e-16e-siecle\/\">Michelange\u00a0<\/a>Londres 05 04 06<\/span><\/p>\n<p><span style=\"font-size: small;\"><a href=\"https:\/\/www.art-en-jeu.ch\/home_wp\/expositions-matisse\/\">Henri Matisse\u00a0<\/a>Riehen 17 03 06; Paris 21 05 12\u00a0(WP)<\/span><\/p>\n<\/div>\n<p><span style=\"font-size: small;\">11 06 02\u00a0<a href=\"https:\/\/www.art-en-jeu.ch\/home_wp\/expositions-matisse\/\">Matisse &#8211; Picasso\u00a0<\/a>(WP)<\/span><\/p>\n<p><span style=\"font-size: small;\"><a href=\"https:\/\/wp.me\/p5k6Rq-Kc\">Steve McQueen\u00a0<\/a>27 02 03 Paris, B\u00e2le 22 03 2013, 27 janvier 2014 (WP)<\/span><\/p>\n<p><span style=\"font-size: small;\">Ren\u00e9\u00a0<a href=\"http:\/\/www.art-en-jeu.ch\/expositions\/magritte.html\">Magritte<\/a>\u00a027 02 03 Paris; Riehen 2005; Vienne 2012; Paris 7 10 2016<\/span><\/p>\n<p><span style=\"font-size: small;\"><a href=\"https:\/\/wp.me\/p5k6Rq-RB\">Olivier Mosset<\/a>, travaux 1966 &#8211; 2003, 02 06 03 Lausanne, Zurich 2019 (WP)<\/span><\/p>\n<p><span style=\"font-size: small;\">\u00a0<a href=\"http:\/\/wp.me\/p5k6Rq-o4\">Claude Monet<\/a>, 24 \u00a001 2017, Riehen,\u00a0<a href=\"http:\/\/wp.me\/p5k6Rq-o4\">Claude Monet\u00a0<\/a>et les modernes Fondation Beyeler B\u00e2le<span class=\"Apple-style-span\">29 03 02<\/span>, Venise, Riehen, 2008, Paris, \u00a0Paris 2005\u00a0(WP)<\/span><\/p>\n<p><span style=\"font-size: small;\">(compl\u00e9t\u00e9 12 03 02) 25 09 01 Interview par e-mail de\u00a0<a href=\"https:\/\/www.art-en-jeu.ch\/home_wp\/claudio-moser\/\">Claudio Moser (WP)<\/a><\/span><\/p>\n<p><span style=\"font-size: small;\"><a href=\"https:\/\/www.art-en-jeu.ch\/home_wp\/edvard-munch\/\">Edvard Munch<\/a>\u00a021 04 0<span class=\"Apple-style-span\">3 Vienne; Stockholm,2005; B\u00e2le, Riehen, 2007, Zurich 2013 (WP)<\/span><\/span><\/p>\n<p><a href=\"https:\/\/wp.me\/p5k6Rq-14m\">Sarah Masuger<\/a>, Pully 2012 (WP)<\/p>\n<hr \/>\n<p><span style=\"font-size: small;\"><a href=\"https:\/\/www.art-en-jeu.ch\/home_wp\/yves-netzhammer\/\">Yves\u00a0Netzhammer\u00a0<\/a>15 03 03 Zurich (WP)<\/span><\/p>\n<p><span style=\"font-size: small;\">\u00a0<a href=\"http:\/\/wp.me\/p5k6Rq-if\">Barnett Newman<\/a>\u00a0Londres,\u00a0<span class=\"Apple-style-span\">27 09 02\u00a0(WP)<\/span><\/span><\/p>\n<p><span style=\"font-size: small;\">\u00a0<a href=\"https:\/\/www.art-en-jeu.ch\/home_wp\/bruce-nauman\/\">Bruce Nauman\u00a0<\/a>Londres,<span class=\"Apple-style-span\">3 11 04,<\/span> Paris 25 04 2015\u00a0(WP)<\/span><\/p>\n<div><i><i><i><em><strong>\u00a0<\/strong><\/em><\/i><\/i><\/i><\/div>\n<hr \/>\n<p><i><i><\/i><\/i><a href=\"https:\/\/wp.me\/p5k6Rq-Mg\"><span style=\"font-size: small;\">Jacqu<\/span><span style=\"font-size: small;\">eline Oyex<\/span><span style=\"font-size: small;\">,\u00a0<\/span><\/a><span style=\"font-size: small;\">Pully 10 06 2011 (WP)<\/span><\/p>\n<p><span style=\"font-size: small;\"><a href=\"https:\/\/wp.me\/p5k6Rq-I7\">Meret Oppenheim\u00a0<\/a>Berne, 6 juin 2006 (WP)<\/span><\/p>\n<hr \/>\n<p><span style=\"font-size: small;\"><a href=\"http:\/\/www.art-en-jeu.ch\/expositions\/DouglasGordon.html\">Philippe Parreno<\/a>, Paris 17 d\u00e9cembre 2013<\/span><\/p>\n<p><a href=\"https:\/\/www.art-en-jeu.ch\/home_wp\/sandrine-pelletier\/\">Sandrine Pelletier<\/a> 4 septembre 2017\u00a0(WP)<\/p>\n<p><span style=\"font-size: small;\"><a href=\"https:\/\/www.art-en-jeu.ch\/home_wp\/?p=4139(ouvre un nouvel onglet)\" data-wplink-url-error=\"true\">Carmen Perrin<\/a>, Pully 12 09 13 (WP)<\/span><\/p>\n<p><a href=\"http:\/\/www.art-en-jeu.ch\/expositions\/adrianpaci.html\"><span style=\"font-size: small;\">Adrian Paci<\/span><\/a><span style=\"font-size: small;\">, Paris, 2013, Zurich 13 06 10<\/span><\/p>\n<p><span style=\"font-size: small;\">\u00a0<a href=\"https:\/\/wp.me\/p5k6Rq-i9\">Francis Picabia<\/a>\u00a0Paris,\u00a0<span class=\"Apple-style-span\">12 12 02, Zurich 11 06 16 (WP)<\/span><\/span><\/p>\n<p><span style=\"font-size: small;\">14 09 01 Martigny<a href=\"https:\/\/www.art-en-jeu.ch\/home_wp\/expositions-picasso\/\">\u00a0Picasso<\/a>\u00a0Sous le soleil de Mithra; Picasso surr\u00e9aliste, Riehen 2005; Dora Maar &#8211; Picasso, Paris 2006; Picasso et les ma\u00eetres Londres, Paris, 2008 , 2009; Klee Picasso, Berne 2010; Picasso &#8211; Degas, Barcelone; Frauen, Munich, 2012, Picasso, B\u00e2le 2013, Picassomania 2015. (WP)<\/span><\/p>\n<p><span style=\"font-size: small;\">03 07 02. Entretien avec Gilles Porret \u00e0 propos de\u00a0<a href=\"http:\/\/www.art-en-jeu.ch\/entretiens\/palermo.html\">hall-Palermo<\/a>, appartement d&rsquo;art contemporain.<\/span><\/p>\n<hr \/>\n<p><a href=\"https:\/\/www.art-en-jeu.ch\/home_wp\/carol-rama\/\">Carol Rama<\/a>, Paris 26 04 2015\u00a0(WP)<\/p>\n<div class=\"Section1\">\n<div class=\"Section1\">\n<div class=\"Section1\">\n<div class=\"Section1\">\n<div class=\"Section1\">\n<div class=\"Section1\">\n<div class=\"Section1\">\n<div class=\"Section1\">\n<div class=\"Section1\">\n<div class=\"Section1\">\n<div class=\"Section1\">\n<div class=\"Section1\">\n<div class=\"Section1\">\n<div class=\"Section1\">\n<div class=\"Section1\">\n<p><span style=\"font-size: small;\"><a href=\"https:\/\/wp.me\/p5k6Rq-QV\">Gerhard Richter,<\/a> Riehen, 19 mai 2014 (WP)<\/span><\/p>\n<p><span style=\"font-size: small;\"><a href=\"http:\/\/www.art-en-jeu.ch\/expositions\/yvesnetzhammer.html\">Mauricio Dias<\/a>\u00a0&amp;\u00a0<a href=\"http:\/\/www.art-en-jeu.ch\/expositions\/yvesnetzhammer.html\">Walter Riedweg<\/a>, Lucerne 20 avril 2014<\/span><\/p>\n<p><span style=\"font-size: small;\"><a href=\"https:\/\/wp.me\/p5k6Rq-I7\">Germaine Richier\u00a0<\/a>31 d\u00e9cembre 2013 (WP)<\/span><\/p>\n<p><span style=\"font-size: small;\"><a href=\"https:\/\/www.art-en-jeu.ch\/home_wp\/peinture-italienne-14e-16e-siecle\/\">Rapha<\/a>\u00ebl. Les derni\u00e8res ann\u00e9es, Paris 27 novembre 2012<\/span><\/p>\n<p><span style=\"font-size: small;\"><a href=\"https:\/\/wp.me\/p5k6Rq-UH\">Cecile Reims,<\/a> Vevey 18 novembre 2012<\/span><\/p>\n<p><a href=\"https:\/\/www.art-en-jeu.ch\/home_wp\/edgar-degas\/\"><span style=\"font-size: small;\">Renoir<\/span><\/a><span style=\"font-size: small;\">, B\u00e2le 02 05 12<\/span><\/p>\n<p><span style=\"font-size: small;\"><a href=\"https:\/\/wp.me\/p5k6Rq-Iv\">Odilon Redon<\/a>, B\u00e2le 31 janvier 2014, Paris 19 05 2011 (WP)<\/span><\/p>\n<p><span style=\"font-size: small;\"><a href=\"https:\/\/www.art-en-jeu.ch\/home_wp\/christoph-ruckhaeberle\/\">Christoph Ruckh<\/a>\u00e4berle Zurich 24 mai 2009<\/span><\/p>\n<p><span style=\"font-size: small;\"><a href=\"https:\/\/wp.me\/p5k6Rq-TR\">Rothko\u00a0Londres<\/a> 22 10 08 (WP)<\/span><\/p>\n<p><span style=\"font-size: small;\"><a href=\"https:\/\/wp.me\/p5k6Rq-Ir\">Robin Rhode<\/a>\u00a0Londres 22 10 08 (WP)<\/span><\/p>\n<\/div>\n<\/div>\n<\/div>\n<\/div>\n<\/div>\n<\/div>\n<\/div>\n<\/div>\n<\/div>\n<\/div>\n<\/div>\n<\/div>\n<\/div>\n<\/div>\n<\/div>\n<p><span style=\"font-size: small;\">Th\u00e9<a href=\"http:\/\/www.art-en-jeu.ch\/expositions\/barraud.html\">ophile Robert\u00a0<\/a>Neuch\u00e2tel 14 07 08<\/span><\/p>\n<p><span style=\"font-size: small;\"><a href=\"http:\/\/wp.me\/p5k6Rq-ni\">Auguste Rodin<\/a>\u00a0Paris 2016, Gen\u00e8ve 2014,\u00a0Zurich 15 02 07 (WP)<\/span><\/p>\n<p><span style=\"font-size: small;\"><a href=\"https:\/\/www.art-en-jeu.ch\/home_wp\/markus-raetz\/\">Markus Raetz<\/a>\u00a026 02 03 Paris, Bienne, 27 06 01, Aarau 2005, Gen\u00e8ve 2011, B\u00e2le 17 d\u00e9cembre 2012, Berne 31 janvier 2014<\/span><\/p>\n<p><span style=\"font-size: small;\">25 06 01, Zurich:\u00a0<a href=\"https:\/\/wp.me\/p5k6Rq-Iz\">Neo Rauch<\/a><\/span><\/p>\n<p><span style=\"font-size: small;\">Zurich 22 01 06:\u00a0<a href=\"https:\/\/www.art-en-jeu.ch\/home_wp\/anselm-reile\/\">Anselm Reyle<\/a><\/span><\/p>\n<hr \/>\n<p><a title=\"Matthias Schmied : \u00ab Critical Mass of Silence \u00bb\" href=\"https:\/\/www.art-en-jeu.ch\/home_wp\/matthias-schmied-critical-mass-of-silence\/\">Matthias Schmied\u00a0<\/a>29 janvier 2015 (WP)<\/p>\n<p><a href=\"http:\/\/wp.me\/p5k6Rq-n0\">Tino Seghal<\/a> 6 d\u00e9cembre 2016 (WP)<\/p>\n<p><a title=\"Egon Schiele \/ Jenny Saville\" href=\"https:\/\/www.art-en-jeu.ch\/home_wp\/egon-schiele-jenny-saville\/\">Jenny Saville<\/a>, novembre 2014 (WP)<\/p>\n<p><a title=\"Egon Schiele \/ Jenny Saville\" href=\"https:\/\/www.art-en-jeu.ch\/home_wp\/egon-schiele-jenny-saville\/\">Egon Schiele<\/a>, novembre 2014 (WP)<\/p>\n<div>\n<p><span style=\"font-size: small;\"><a href=\"https:\/\/www.art-en-jeu.ch\/home_wp\/thomas-schutte\">Thomas Sch<\/a>\u00fctte, 20 octobre 2013 (WP)<\/span><\/p>\n<p><span style=\"font-size: small;\"><a href=\"https:\/\/www.art-en-jeu.ch\/home_wp\/gerda-steiner-jorg-lenzlinger\/\">Gerda Steiner\u00a0<\/a>&amp; J\u00f6rg Lenzlinger, Coire 10 07 2013 (WP)<\/span><\/p>\n<p><a href=\"http:\/\/www.art-en-jeu.ch\/expositions\/andreazittel.html\"><span style=\"font-size: small;\">Katerina Seda<\/span><\/a><span style=\"font-size: small;\">, Lucerne 23 04 12<\/span><\/p>\n<p><span style=\"font-size: small;\"><a href=\"http:\/\/www.art-en-jeu.ch\/expositions\/expos16-19\/hodler.html\">Segantini<\/a>, Riehen 2011<\/span><\/p>\n<p><span style=\"font-size: small;\"><a href=\"http:\/\/wp.me\/p5k6Rq-hz\">Gino Severini, <\/a>Paris 19 05 2011\u00a0(WP)<\/span><\/p>\n<p><span style=\"font-size: small;\">Th\u00e9ophile &#8211;<\/span><a href=\"http:\/\/www.art-en-jeu.ch\/expositions\/expos16-19\/charlesgleyre.html\"><span style=\"font-size: small;\">\u00a0Alexandre Steinlen<\/span>.<\/a><span style=\"font-size: small;\">\u00a0Lausanne 22 10 08<\/span><\/p>\n<p><span style=\"font-size: small;\"><a href=\"http:\/\/www.art-en-jeu.ch\/expositions\/markusschinwald.html\">Markus Schinwald<\/a>\u00a0Zurich 17 02 08<\/span><\/p>\n<p><span style=\"font-size: small;\">21 06 08\u00a0<a href=\"https:\/\/www.art-en-jeu.ch\/home_wp\/pietro-sarto\/\">Pietro Sarto\u00a0<\/a>Payerne, Lausanne 2020 \u00a0(WP)<\/span><\/p>\n<p><span style=\"font-size: small;\"><a href=\"http:\/\/www.art-en-jeu.ch\/expositions\/Edwardsteichen.html\">Edward Steichen<\/a>\u00a0Lausanne 5 02 08<\/span><\/p>\n<p><span style=\"font-size: small;\">Jean-Fr\u00e9d\u00e9ric\u00a0<a href=\"https:\/\/www.art-en-jeu.ch\/home_wp\/?p=112\" target=\"_blank\" rel=\"noopener noreferrer\">Schnyder,\u00a0<\/a>B\u00e2le 15 05 07,\u00a0<\/span><em><span style=\"font-size: small;\">Lucerne<a href=\"http:\/\/www.art-en-jeu.ch\/expositions\/jfschnyder.html\">\u00a0<\/a>26 d\u00e9cembre 2012, Zurich 23 septembre 2014 (WP)<\/span><\/em><\/p>\n<p><span style=\"font-size: small;\"><a href=\"http:\/\/www.art-en-jeu.ch\/expositions\/sarkis.html\">Sarkis<\/a>\u00a0Paris 14 05 07<\/span><\/p>\n<p><span style=\"font-size: small;\"><a href=\"http:\/\/www.art-en-jeu.ch\/expositions\/anri.sala.html\">Anri Sala<\/a>\u00a021 04 03 Vienne; Paris 16 05 12<\/span><\/p>\n<p><span style=\"font-size: small;\"><a href=\"https:\/\/www.art-en-jeu.ch\/home_wp\/thomas-scheibitz\/\">Thomas Scheibitz\u00a0<\/a>11 03 04 Gen\u00e8ve, Winterthur 2001 (WP)<\/span><\/p>\n<p><span style=\"font-size: small;\"><a href=\"https:\/\/www.art-en-jeu.ch\/home_wp\/sophie-taeuber-arp,-jean-arp,-kurt-schwitters\/\">Kurt\u00a0Schwitters\u00a0et Arp-Schwitters<\/a> 01 05 04 B\u00e2le (WP)<\/span><\/p>\n<p><span style=\"font-size: small;\">06 10 01\u00a0<a href=\"http:\/\/www.art-en-jeu.ch\/expositions\/jeffwall.html\">Sean Scully\u00a0<\/a>au mus\u00e9e Jenisch \u00e0 Vevey, Mus\u00e9e des beau-arts de Berne 2012<\/span><\/p>\n<p><span style=\"font-size: small;\"><a href=\"https:\/\/www.art-en-jeu.ch\/home_wp\/paul-signac\/\" target=\"_blank\" rel=\"noopener noreferrer\">Paul Signac,<\/a> Lausanne, Fondation de l&rsquo;Hermitage, 12 02 2016, Fondation Gianadda, Martigny, 29 08 03\u00a0(WP)<\/span><\/p>\n<p><span style=\"font-size: small;\"><a href=\"https:\/\/www.art-en-jeu.ch\/home_wp\/louis-soutter\/\">Louis\u00a0Soutter\u00a0<\/a>15 03 03 Lausanne, 13 06 15, Paris\u00a0(WP)<\/span><\/p>\n<p><span style=\"font-size: small;\"><a href=\"http:\/\/www.art-en-jeu.ch\/expositions\/lucianfreud.html\"><span class=\"Apple-style-span\">02 05 01, Londres\u00a0<\/span>Stanley Spencer<\/a><\/span><\/p>\n<div>\n<hr \/>\n<\/div>\n<p><span style=\"font-size: small;\"><a href=\"https:\/\/www.art-en-jeu.ch\/home_wp\/sophie-taeuber-arp,-jean-arp,-kurt-schwitters\/\">Sophie Taeuber Arp<\/a>, Aarau 24 septembre 2014<\/span><\/p>\n<p><a href=\"http:\/\/wp.me\/p5k6Rq-mu\">Cy Twombly<\/a>, Paris, Munich, 7 d\u00e9cembre 2016\u00a0(WP)<\/p>\n<p><a href=\"http:\/\/www.art-en-jeu.ch\/expositions\/carstenholler.html\"><span style=\"font-size: small;\">Rosemarie Trockel<\/span><\/a><span style=\"font-size: small;\">, B\u00e2le, Zurich 13 06 10<\/span><\/p>\n<p><span style=\"font-size: small;\">24 05 02 SAM<a title=\"Sam Taylor (Wood) \u2013 Johnson\" href=\"https:\/\/www.art-en-jeu.ch\/home_wp\/sam-taylor-wood-johnson\/\">\u00a0TAYLOR-WOOD<\/a>&#8211; Johnson, Londres, 2015\u00a0(WP)<\/span><\/p>\n<p><span style=\"font-size: small;\">\u00a0<a title=\"Mr Turner. Une incarnation bienvenue\" href=\"https:\/\/www.art-en-jeu.ch\/home_wp\/mr-turner-une-incarnation-bienvenue\/\">Turner<\/a>, film 2014 (WP)<\/span><\/p>\n<p><span style=\"font-size: small;\"><a href=\"http:\/\/www.art-en-jeu.ch\/expositions\/Eija-ahtila.html\">Salla Tykk<\/a>\u00e4 Gen\u00e8ve 06 05 06<\/span><\/p>\n<hr \/>\n<p><a href=\"https:\/\/www.art-en-jeu.ch\/home_wp\/ulla-von-brandenburg\/\">Ulla von Brandenburg<\/a>, Vevey 17 mars 2018 (WP)<\/p>\n<div>\n<p style=\"font-weight: 500;\"><a href=\"https:\/\/www.art-en-jeu.ch\/home_wp\/not-vital\/\">Not Vital<\/a>\u00a0Gen\u00e8ve 18 janvier 2014, Coire 19 septembre 2017\u00a0(WP)<\/p>\n<p style=\"font-weight: 500;\"><a href=\"http:\/\/www.art-en-jeu.ch\/expositions\/expos16-19\/holbein.html\">Diego Velasquez<\/a>\u00a0Londres 2006<\/p>\n<p style=\"font-weight: 500;\"><span class=\"Apple-style-span\"><a href=\"https:\/\/wp.me\/p5k6Rq-T7\">Edgar Var<\/a>\u00e8se B\u00e2le 18 05 06 (WP)<\/span><\/p>\n<p style=\"font-weight: 500;\">F\u00e9<a href=\"https:\/\/www.art-en-jeu.ch\/home_wp\/felix-vallotton\/\">lix\u00a0Vallotton\u00a0<\/a>Berne 2 d\u00e9cembre 04, Lausanne 2005, Zurich, 2008, Gen\u00e8ve, 2011, Lausanne, 2013, Paris, 2013<\/p>\n<p style=\"font-weight: 500;\"><a href=\"https:\/\/www.art-en-jeu.ch\/home_wp\/bill-viola-1951-2014\/\"><em>Bill Viola The Passions.\u00a0<\/em>Bill Viola, <\/a>Paris 19 mars 2014 WP<\/p>\n<p style=\"font-weight: 500;\">09 11 03<a href=\"https:\/\/www.art-en-jeu.ch\/home_wp\/bill-viola-1951-2014\/(ouvre un nouvel onglet)\" data-wplink-url-error=\"true\"> Londres,\u00a0Tristan\u00a0et Iseult,<\/a> Paris 2005, Bill Viola, Londres 2001 WP<\/p>\n<p style=\"font-weight: 500;\">22 11 01 Interview par e-mail de\u00a0<a href=\"http:\/\/www.art-en-jeu.ch\/entretiens\/vecefr.html\">Costa Vece<\/a>\u00a0(<a href=\"http:\/\/www.art-en-jeu.ch\/entretiens\/vece.html\">version en allemand<\/a>)<\/p>\n<hr \/>\n<p><span style=\"font-size: small;\"><a href=\"https:\/\/wp.me\/p5k6Rq-TR\"><em>Andy Warhol the Early Sixties<\/em>\u00a0<\/a>B\u00e2le 25 septembre 2010(WP)<\/span><\/p>\n<p><em><a href=\"http:\/\/www.art-en-jeu.ch\/expositions\/laib.html\"><span style=\"font-size: small;\">Franz Erhard Walter,\u00a0<\/span><\/a><span style=\"font-size: small;\">Gen\u00e8ve 01 03 10<\/span><\/em><\/p>\n<p><span style=\"font-size: small;\"><a href=\"https:\/\/www.art-en-jeu.ch\/home_wp\/?p=5075(ouvre un nouvel onglet)\" data-wplink-url-error=\"true\">Jeff Wall Photographs\u00a0<\/a>05 05 05 B\u00e2le<\/span><\/p>\n<p><span style=\"font-size: small;\">27 11 01\u00a0<a href=\"http:\/\/www.art-en-jeu.ch\/expositions\/mwallinger.html\">Mark Wallinger<\/a>, no Man&rsquo;s Land, Whitechapel, Londres<\/span><\/p>\n<p><span style=\"font-size: small;\"><a href=\"https:\/\/www.art-en-jeu.ch\/home_wp\/andro-wekua\/ \u200e\">Andro Wekua<\/a>\u00a0Vienne 19 04 2011 (WP)<\/span><\/p>\n<p><span style=\"font-size: small;\"><a href=\"https:\/\/www.art-en-jeu.ch\/home_wp\/peinture-allemande-15e-16e-siecle-holbein\/\">Konrad Witz<\/a>, B\u00e2le 2011<\/span><\/p>\n<p><span style=\"font-size: small;\">Octobre 00, Londres:<\/span><\/p>\n<p style=\"font-weight: 500;\"><span class=\"Apple-style-span\"><span style=\"font-size: small;\"><a href=\"http:\/\/www.art-en-jeu.ch\/expositions\/expos5.html\">Gillian Wearing<\/a><\/span><\/span><\/p>\n<hr \/>\n<\/div>\n<p><span class=\"Apple-style-span\"><a href=\"http:\/\/www.art-en-jeu.ch\/expositions\/andreazittel.html\">Andrea Zittel<\/a>, B\u00e2le 30 04 08<\/span><\/p>\n<\/div>\n<div><span class=\"Apple-style-span\" style=\"-webkit-border-horizontal-spacing: 1px; -webkit-border-vertical-spacing: 1px; color: #000000; font-family: Times; line-height: normal; font-size: medium;\"><span style=\"font-size: small;\">\u00a0<\/span><\/span><\/div>\n","protected":false},"excerpt":{"rendered":"<p>a b c d e f g h i j k l m n o p q r s t u v w x y z Liste par artistes, plus de 220 (111 WP) Y\u00fcksel\u00a0Arslan\u00a0Zurich 29 02 12 (WP) Kai Althoff\u00a0Zurich 10 11 07 (WP) John M. Armleder\u00a012 11 06 Gen\u00e8ve Francis Alys\u00a02006 B\u00e2le (WP) [&hellip;]<\/p>\n","protected":false},"author":1,"featured_media":0,"parent":0,"menu_order":0,"comment_status":"closed","ping_status":"open","template":"","meta":{"jetpack_post_was_ever_published":false,"footnotes":""},"class_list":["post-271","page","type-page","status-publish","hentry"],"jetpack_sharing_enabled":true,"jetpack_shortlink":"https:\/\/wp.me\/P5k6Rq-4n","jetpack_likes_enabled":true,"_links":{"self":[{"href":"https:\/\/www.art-en-jeu.ch\/home_wp\/wp-json\/wp\/v2\/pages\/271","targetHints":{"allow":["GET"]}}],"collection":[{"href":"https:\/\/www.art-en-jeu.ch\/home_wp\/wp-json\/wp\/v2\/pages"}],"about":[{"href":"https:\/\/www.art-en-jeu.ch\/home_wp\/wp-json\/wp\/v2\/types\/page"}],"author":[{"embeddable":true,"href":"https:\/\/www.art-en-jeu.ch\/home_wp\/wp-json\/wp\/v2\/users\/1"}],"replies":[{"embeddable":true,"href":"https:\/\/www.art-en-jeu.ch\/home_wp\/wp-json\/wp\/v2\/comments?post=271"}],"version-history":[{"count":194,"href":"https:\/\/www.art-en-jeu.ch\/home_wp\/wp-json\/wp\/v2\/pages\/271\/revisions"}],"predecessor-version":[{"id":5290,"href":"https:\/\/www.art-en-jeu.ch\/home_wp\/wp-json\/wp\/v2\/pages\/271\/revisions\/5290"}],"wp:attachment":[{"href":"https:\/\/www.art-en-jeu.ch\/home_wp\/wp-json\/wp\/v2\/media?parent=271"}],"curies":[{"name":"wp","href":"https:\/\/api.w.org\/{rel}","templated":true}]}}